{"id":13656,"date":"2024-11-13T16:13:28","date_gmt":"2024-11-13T15:13:28","guid":{"rendered":"https:\/\/weprecious.com\/?page_id=13656"},"modified":"2025-06-18T11:48:58","modified_gmt":"2025-06-18T09:48:58","slug":"collier-van-cleef-arpels-occasion","status":"publish","type":"page","link":"https:\/\/weprecious.com\/en\/collier-van-cleef-arpels-occasion\/","title":{"rendered":"Van Cleef &amp; Arpels necklace"},"content":{"rendered":"\t\t<div data-elementor-type=\"wp-page\" data-elementor-id=\"13656\" class=\"elementor elementor-13656\" data-elementor-post-type=\"page\">\n\t\t\t\t\t\t<section class=\"elementor-section elementor-top-section elementor-element elementor-element-0df1e98 elementor-section-boxed elementor-section-height-default elementor-section-height-default\" data-id=\"0df1e98\" data-element_type=\"section\" data-e-type=\"section\">\n\t\t\t\t\t\t<div class=\"elementor-container elementor-column-gap-default\">\n\t\t\t\t\t<div class=\"elementor-column elementor-col-100 elementor-top-column elementor-element elementor-element-97d536c\" data-id=\"97d536c\" data-element_type=\"column\" data-e-type=\"column\">\n\t\t\t<div class=\"elementor-widget-wrap elementor-element-populated\">\n\t\t\t\t\t\t<div class=\"elementor-element elementor-element-02dc574 elementor-widget elementor-widget-heading\" data-id=\"02dc574\" data-element_type=\"widget\" data-e-type=\"widget\" data-widget_type=\"heading.default\">\n\t\t\t\t\t<h2 class=\"elementor-heading-title elementor-size-default\">collier van cleef occasion femme<\/h2>\t\t\t\t<\/div>\n\t\t\t\t<div class=\"elementor-element elementor-element-681d117 elementor-widget elementor-widget-heading\" data-id=\"681d117\" data-element_type=\"widget\" data-e-type=\"widget\" data-widget_type=\"heading.default\">\n\t\t\t\t\t<h2 class=\"elementor-heading-title elementor-size-default\">collier van cleef d'occasion<\/h2>\t\t\t\t<\/div>\n\t\t\t\t<div class=\"elementor-element elementor-element-e6d84a9 elementor-widget elementor-widget-heading\" data-id=\"e6d84a9\" data-element_type=\"widget\" data-e-type=\"widget\" data-widget_type=\"heading.default\">\n\t\t\t\t\t<h2 class=\"elementor-heading-title elementor-size-default\">Colliers Van Cleef &amp; Arpels<\/h2>\t\t\t\t<\/div>\n\t\t\t\t<div class=\"elementor-element elementor-element-c01421e elementor-widget elementor-widget-text-editor\" data-id=\"c01421e\" data-element_type=\"widget\" data-e-type=\"widget\" data-widget_type=\"text-editor.default\">\n\t\t\t\t\t\t\t\t\t<p class=\"p1\">Explorez notre s\u00e9lection de <strong>colliers Van Cleef &amp; Arpels <\/strong>et apprenez-en plus sur les collections iconiques de la maison. Chaque collier Van Cleef &amp; Arpels est authentifi\u00e9 et en excellent \u00e9tat, garantissant un investissement de qualit\u00e9.<\/p>\t\t\t\t\t\t\t\t<\/div>\n\t\t\t\t\t<\/div>\n\t\t<\/div>\n\t\t\t\t\t<\/div>\n\t\t<\/section>\n\t\t\t\t<section class=\"elementor-section elementor-top-section elementor-element elementor-element-3a8b953 elementor-section-boxed elementor-section-height-default elementor-section-height-default\" data-id=\"3a8b953\" data-element_type=\"section\" data-e-type=\"section\" data-settings=\"{&quot;background_background&quot;:&quot;classic&quot;}\">\n\t\t\t\t\t\t<div class=\"elementor-container elementor-column-gap-default\">\n\t\t\t\t\t<div class=\"elementor-column elementor-col-50 elementor-top-column elementor-element elementor-element-74a9c32\" data-id=\"74a9c32\" data-element_type=\"column\" data-e-type=\"column\">\n\t\t\t<div class=\"elementor-widget-wrap elementor-element-populated\">\n\t\t\t\t\t\t<div class=\"elementor-element elementor-element-b6f6777 elementor-widget elementor-widget-spacer\" data-id=\"b6f6777\" data-element_type=\"widget\" data-e-type=\"widget\" data-widget_type=\"spacer.default\">\n\t\t\t\t\t\t\t<div class=\"elementor-spacer\">\n\t\t\t<div class=\"elementor-spacer-inner\"><\/div>\n\t\t<\/div>\n\t\t\t\t\t\t<\/div>\n\t\t\t\t\t<\/div>\n\t\t<\/div>\n\t\t\t\t<div class=\"elementor-column elementor-col-50 elementor-top-column elementor-element elementor-element-041f18e\" data-id=\"041f18e\" data-element_type=\"column\" data-e-type=\"column\">\n\t\t\t<div class=\"elementor-widget-wrap elementor-element-populated\">\n\t\t\t\t\t\t<div class=\"elementor-element elementor-element-82d243a elementor-widget elementor-widget-text-editor\" data-id=\"82d243a\" data-element_type=\"widget\" data-e-type=\"widget\" data-widget_type=\"text-editor.default\">\n\t\t\t\t\t\t\t\t\t<h3>collier van cleef papillon occasion<\/h3>\t\t\t\t\t\t\t\t<\/div>\n\t\t\t\t<div class=\"elementor-element elementor-element-f2ce386 elementor-widget elementor-widget-text-editor\" data-id=\"f2ce386\" data-element_type=\"widget\" data-e-type=\"widget\" data-widget_type=\"text-editor.default\">\n\t\t\t\t\t\t\t\t\t<h3>Le Collier Papillon<\/h3>\t\t\t\t\t\t\t\t<\/div>\n\t\t\t\t<div class=\"elementor-element elementor-element-13d7cc0 elementor-widget elementor-widget-text-editor\" data-id=\"13d7cc0\" data-element_type=\"widget\" data-e-type=\"widget\" data-widget_type=\"text-editor.default\">\n\t\t\t\t\t\t\t\t\t<p>Le collier <a href=\"https:\/\/weprecious.com\/boutique\/marques\/van-cleef-arpels\/lucky-alhambra\/\" target=\"_blank\" rel=\"noopener\">Papillon<\/a> de <strong>Van Cleef &amp; Arpels<\/strong> est une pi\u00e8ce d\u00e9licate et a\u00e9rienne qui incarne \u00e0 la fois la l\u00e9g\u00e8ret\u00e9 et l&rsquo;\u00e9l\u00e9gance. Inspir\u00e9e par la beaut\u00e9 fragile et gracieuse du papillon,<a href=\"https:\/\/weprecious.com\/boutique\/marques\/van-cleef-arpels\/papillon\/\" target=\"_blank\" rel=\"noopener\"> la collection Papillon<\/a> rend hommage \u00e0 la nature avec un design tout en finesse, o\u00f9 les ailes du papillon se d\u00e9ploient dans un jeu subtil de courbes et de d\u00e9tails.<\/p><p>Chaque <strong>collier Papillon Van Cleef &amp; Arpels<\/strong> est r\u00e9alis\u00e9 avec des mat\u00e9riaux d&rsquo;exception, tels que l&rsquo;or, les diamants et des pierres pr\u00e9cieuses, qui captent la lumi\u00e8re et ajoutent de la brillance \u00e0 chaque mouvement.<\/p><p>Le collier met en avant des motifs de papillon souvent rehauss\u00e9s de nacre ou de pierres color\u00e9es, cr\u00e9ant une sensation de l\u00e9g\u00e8ret\u00e9 et de libert\u00e9. Avec ses formes \u00e9l\u00e9gantes et po\u00e9tiques, il est un v\u00e9ritable symbole de transformation et de renouveau.<\/p>\t\t\t\t\t\t\t\t<\/div>\n\t\t\t\t<div class=\"elementor-element elementor-element-55be89d elementor-align-center elementor-widget elementor-widget-button\" data-id=\"55be89d\" data-element_type=\"widget\" data-e-type=\"widget\" data-widget_type=\"button.default\">\n\t\t\t\t\t\t\t\t\t\t<a class=\"elementor-button elementor-button-link elementor-size-xs\" href=\"https:\/\/weprecious.com\/boutique\/marques\/van-cleef-arpels\/lucky-alhambra\/\" target=\"_blank\">\n\t\t\t\t\t\t<span class=\"elementor-button-content-wrapper\">\n\t\t\t\t\t\t\t\t\t<span class=\"elementor-button-text\">D\u00e9couvrir plus de bijoux<\/span>\n\t\t\t\t\t<\/span>\n\t\t\t\t\t<\/a>\n\t\t\t\t\t\t\t\t<\/div>\n\t\t\t\t\t<\/div>\n\t\t<\/div>\n\t\t\t\t\t<\/div>\n\t\t<\/section>\n\t\t\t\t<section class=\"elementor-section elementor-top-section elementor-element elementor-element-b511476 elementor-section-boxed elementor-section-height-default elementor-section-height-default\" data-id=\"b511476\" data-element_type=\"section\" data-e-type=\"section\">\n\t\t\t\t\t\t<div class=\"elementor-container elementor-column-gap-default\">\n\t\t\t\t\t<div class=\"elementor-column elementor-col-100 elementor-top-column elementor-element elementor-element-8f7f2c0\" data-id=\"8f7f2c0\" data-element_type=\"column\" data-e-type=\"column\">\n\t\t\t<div class=\"elementor-widget-wrap elementor-element-populated\">\n\t\t\t\t\t\t<div class=\"elementor-element elementor-element-31b2256 elementor-widget elementor-widget-spacer\" data-id=\"31b2256\" data-element_type=\"widget\" data-e-type=\"widget\" data-widget_type=\"spacer.default\">\n\t\t\t\t\t\t\t<div class=\"elementor-spacer\">\n\t\t\t<div class=\"elementor-spacer-inner\"><\/div>\n\t\t<\/div>\n\t\t\t\t\t\t<\/div>\n\t\t\t\t\t<\/div>\n\t\t<\/div>\n\t\t\t\t\t<\/div>\n\t\t<\/section>\n\t\t\t\t<section class=\"elementor-section elementor-top-section elementor-element elementor-element-b58ec40 elementor-section-boxed elementor-section-height-default elementor-section-height-default\" data-id=\"b58ec40\" data-element_type=\"section\" data-e-type=\"section\">\n\t\t\t\t\t\t<div class=\"elementor-container elementor-column-gap-default\">\n\t\t\t\t\t<div class=\"elementor-column elementor-col-50 elementor-top-column elementor-element elementor-element-62a54ae\" data-id=\"62a54ae\" data-element_type=\"column\" data-e-type=\"column\">\n\t\t\t<div class=\"elementor-widget-wrap elementor-element-populated\">\n\t\t\t\t\t\t<div class=\"elementor-element elementor-element-8482a04 elementor-widget elementor-widget-text-editor\" data-id=\"8482a04\" data-element_type=\"widget\" data-e-type=\"widget\" data-widget_type=\"text-editor.default\">\n\t\t\t\t\t\t\t\t\t<h3>collier van cleef alhambra occasion femme<\/h3>\t\t\t\t\t\t\t\t<\/div>\n\t\t\t\t<div class=\"elementor-element elementor-element-27a8c73 elementor-widget elementor-widget-text-editor\" data-id=\"27a8c73\" data-element_type=\"widget\" data-e-type=\"widget\" data-widget_type=\"text-editor.default\">\n\t\t\t\t\t\t\t\t\t<h3>Le sautoir Alhambra<\/h3>\t\t\t\t\t\t\t\t<\/div>\n\t\t\t\t<div class=\"elementor-element elementor-element-2486c94 elementor-widget elementor-widget-text-editor\" data-id=\"2486c94\" data-element_type=\"widget\" data-e-type=\"widget\" data-widget_type=\"text-editor.default\">\n\t\t\t\t\t\t\t\t\t<p>Le\u00a0<a href=\"https:\/\/weprecious.com\/boutique\/marques\/van-cleef-arpels\/vintage-alhambra\/\" target=\"_blank\" rel=\"noopener\">sautoir Alhambra<\/a>\u00a0de <strong>Van Cleef &amp; Arpels<\/strong> est une pi\u00e8ce iconique qui incarne l\u2019\u00e9l\u00e9gance intemporelle de la maison. Inspir\u00e9 par les motifs g\u00e9om\u00e9triques et les arches de l&rsquo;architecture mauresque, ce sautoir pr\u00e9sente des motifs en forme de tr\u00e8fle, en r\u00e9f\u00e9rence \u00e0 l&#8217;embl\u00e9matique<a href=\"https:\/\/weprecious.com\/boutique\/marques\/van-cleef-arpels\/alhambra\/\" target=\"_blank\" rel=\"noopener\"> collection Alhambra.<\/a><\/p><p>Le design est d\u00e9licatement orn\u00e9 de pierres pr\u00e9cieuses, telles que la nacre, le malachite ou l&rsquo;agate, rehauss\u00e9es de fines touches d&rsquo;or, cr\u00e9ant un jeu de lumi\u00e8re subtil et raffin\u00e9. Ce sautoir, souvent compos\u00e9 de multiples maillons qui tombent gracieusement autour du cou, offre une sensation de fluidit\u00e9 et de l\u00e9g\u00e8ret\u00e9, tout en apportant une touche de luxe.<\/p>\t\t\t\t\t\t\t\t<\/div>\n\t\t\t\t<div class=\"elementor-element elementor-element-d6dcda3 elementor-align-center elementor-widget elementor-widget-button\" data-id=\"d6dcda3\" data-element_type=\"widget\" data-e-type=\"widget\" data-widget_type=\"button.default\">\n\t\t\t\t\t\t\t\t\t\t<a class=\"elementor-button elementor-button-link elementor-size-xs\" href=\"https:\/\/weprecious.com\/boutique\/marques\/van-cleef-arpels\/vintage-alhambra\/\" target=\"_blank\">\n\t\t\t\t\t\t<span class=\"elementor-button-content-wrapper\">\n\t\t\t\t\t\t\t\t\t<span class=\"elementor-button-text\">D\u00e9couvrir plus de bijoux<\/span>\n\t\t\t\t\t<\/span>\n\t\t\t\t\t<\/a>\n\t\t\t\t\t\t\t\t<\/div>\n\t\t\t\t\t<\/div>\n\t\t<\/div>\n\t\t\t\t<div class=\"elementor-column elementor-col-50 elementor-top-column elementor-element elementor-element-0061838\" data-id=\"0061838\" data-element_type=\"column\" data-e-type=\"column\">\n\t\t\t<div class=\"elementor-widget-wrap elementor-element-populated\">\n\t\t\t\t\t\t<div class=\"elementor-element elementor-element-3a8d291 elementor-widget elementor-widget-spacer\" data-id=\"3a8d291\" data-element_type=\"widget\" data-e-type=\"widget\" data-widget_type=\"spacer.default\">\n\t\t\t\t\t\t\t<div class=\"elementor-spacer\">\n\t\t\t<div class=\"elementor-spacer-inner\"><\/div>\n\t\t<\/div>\n\t\t\t\t\t\t<\/div>\n\t\t\t\t<div class=\"elementor-element elementor-element-5aebe04 elementor-product-loop-item--align-center elementor-grid-2 elementor-grid-tablet-3 elementor-grid-mobile-2 elementor-products-grid elementor-wc-products elementor-widget elementor-widget-woocommerce-products\" data-id=\"5aebe04\" data-element_type=\"widget\" data-e-type=\"widget\" data-widget_type=\"woocommerce-products.default\">\n\t\t\t\t<div class=\"elementor-widget-container\">\n\t\t\t\t\t<div class=\"woocommerce columns-2 \"><ul class=\"nm-products products xsmall-block-grid-1 small-block-grid-2 medium-block-grid-2 large-block-grid-2 grid-default layout-default attributes-position-thumbnail no-action-links\">\r\n\r\n<li class=\"product type-product post-22756 status-publish first instock product_cat-alhambra-van-cleef-arpels product_cat-colliers-pendentifs product_cat-nouveaute product_cat-van-cleef-arpels product_tag-catalogue product_tag-exclusivite product_tag-nouveaute product_tag-pendentif has-post-thumbnail sold-individually purchasable product-type-simple\" data-product-id=\"22756\">\r\n\r\n\t<div class=\"nm-shop-loop-product-wrap\">\r\n\r\n        \r\n\r\n\r\n        <div class=\"nm-shop-loop-thumbnail\">\r\n\r\n            \r\n            \r\n\r\n            <a href=\"https:\/\/weprecious.com\/en\/boutique\/marques\/van-cleef-arpels\/alhambra-van-cleef-arpels\/collier-vintage-alhambra-1-motif-edition-limitee-2019-van-cleef-arpels\/\" class=\"nm-shop-loop-thumbnail-link woocommerce-LoopProduct-link\">\r\n\r\n            <img loading=\"lazy\" decoding=\"async\" width=\"350\" height=\"350\" src=\"https:\/\/weprecious.com\/wp-content\/uploads\/2026\/03\/23-1-350x350.jpg\" class=\"attachment-woocommerce_thumbnail size-woocommerce_thumbnail\" alt=\"Collier Vintage Alhambra 1 motif (Edition Limit\u00e9e 2019) Van Cleef &amp; Arpels d&#039;occasion : Bijou authentifi\u00e9\" srcset=\"https:\/\/weprecious.com\/wp-content\/uploads\/2026\/03\/23-1-350x350.jpg 350w, https:\/\/weprecious.com\/wp-content\/uploads\/2026\/03\/23-1-300x300.jpg 300w, https:\/\/weprecious.com\/wp-content\/uploads\/2026\/03\/23-1-1024x1024.jpg 1024w, https:\/\/weprecious.com\/wp-content\/uploads\/2026\/03\/23-1-150x150.jpg 150w, https:\/\/weprecious.com\/wp-content\/uploads\/2026\/03\/23-1-768x768.jpg 768w, https:\/\/weprecious.com\/wp-content\/uploads\/2026\/03\/23-1-12x12.jpg 12w, https:\/\/weprecious.com\/wp-content\/uploads\/2026\/03\/23-1-680x680.jpg 680w, https:\/\/weprecious.com\/wp-content\/uploads\/2026\/03\/23-1-100x100.jpg 100w, https:\/\/weprecious.com\/wp-content\/uploads\/2026\/03\/23-1.jpg 1080w\" sizes=\"auto, (max-width: 350px) 100vw, 350px\" \/><img loading=\"lazy\" decoding=\"async\" width=\"350\" height=\"350\" src=\"https:\/\/weprecious.com\/wp-content\/uploads\/2026\/03\/VCN1321-D-van-cleef-arpels-alhambra-collier-or-jaune-diamant-porcelaine-de-sevres-fl3-350x350.png\" class=\"attachment-woocommerce_thumbnail size-woocommerce_thumbnail nm-shop-hover-image\" alt=\"Collier Vintage Alhambra 1 motif Van Cleef &amp; Arpels d&#039;occasion : Bijou authentifi\u00e9\" srcset=\"https:\/\/weprecious.com\/wp-content\/uploads\/2026\/03\/VCN1321-D-van-cleef-arpels-alhambra-collier-or-jaune-diamant-porcelaine-de-sevres-fl3-350x350.png 350w, https:\/\/weprecious.com\/wp-content\/uploads\/2026\/03\/VCN1321-D-van-cleef-arpels-alhambra-collier-or-jaune-diamant-porcelaine-de-sevres-fl3-300x300.png 300w, https:\/\/weprecious.com\/wp-content\/uploads\/2026\/03\/VCN1321-D-van-cleef-arpels-alhambra-collier-or-jaune-diamant-porcelaine-de-sevres-fl3-150x150.png 150w, https:\/\/weprecious.com\/wp-content\/uploads\/2026\/03\/VCN1321-D-van-cleef-arpels-alhambra-collier-or-jaune-diamant-porcelaine-de-sevres-fl3-768x768.png 768w, https:\/\/weprecious.com\/wp-content\/uploads\/2026\/03\/VCN1321-D-van-cleef-arpels-alhambra-collier-or-jaune-diamant-porcelaine-de-sevres-fl3-12x12.png 12w, https:\/\/weprecious.com\/wp-content\/uploads\/2026\/03\/VCN1321-D-van-cleef-arpels-alhambra-collier-or-jaune-diamant-porcelaine-de-sevres-fl3-680x680.png 680w, https:\/\/weprecious.com\/wp-content\/uploads\/2026\/03\/VCN1321-D-van-cleef-arpels-alhambra-collier-or-jaune-diamant-porcelaine-de-sevres-fl3-100x100.png 100w, https:\/\/weprecious.com\/wp-content\/uploads\/2026\/03\/VCN1321-D-van-cleef-arpels-alhambra-collier-or-jaune-diamant-porcelaine-de-sevres-fl3.png 1024w\" sizes=\"auto, (max-width: 350px) 100vw, 350px\" \/>\r\n            <\/a>\r\n\r\n        <\/div>\r\n\r\n        \r\n\r\n        <div class=\"nm-shop-loop-details\">\r\n\r\n            <a href=\"#\" id=\"nm-wishlist-item-22756-button\" class=\"nm-wishlist-button nm-wishlist-item-22756-button\" data-product-id=\"22756\" title=\"Add to Wishlist\"><i class=\"nm-font nm-font-heart-o\"><\/i><\/a>\r\n\t\t\t\r\n\r\n            <div class=\"nm-shop-loop-title-price\">\r\n\r\n            <h4 class=\"griffe-produit\">Van Cleef &amp; Arpels<\/h4><h3 class=\"woocommerce-loop-product__title\"><a href=\"https:\/\/weprecious.com\/en\/boutique\/marques\/van-cleef-arpels\/alhambra-van-cleef-arpels\/collier-vintage-alhambra-1-motif-edition-limitee-2019-van-cleef-arpels\/\" class=\"nm-shop-loop-title-link woocommerce-LoopProduct-link\">Collier Vintage Alhambra 1 motif (Edition Limit\u00e9e 2019) Van Cleef &#038; Arpels<\/a><\/h3><div class=\"sstitre-produit\">Or Jaune, Diamant, Porcelaine de S\u00e8vres<\/div>\r\n\t<span class=\"price\"><span class=\"woocommerce-Price-amount amount\"><bdi>6\u00a0500&nbsp;<span class=\"woocommerce-Price-currencySymbol\">&euro;<\/span><\/bdi><\/span><\/span>\r\n\r\n            <\/div>\r\n\r\n\r\n\r\n            <div class=\"nm-shop-loop-actions\">\r\n\r\n            \r\n            <\/div>\r\n\r\n        <\/div>\r\n\r\n        \r\n\r\n        \r\n    <\/div>\r\n\r\n<\/li>\r\n\r\n\r\n<li class=\"product type-product post-16943 status-publish last instock product_cat-alhambra-van-cleef-arpels product_cat-colliers-pendentifs product_cat-nouveaute product_cat-van-cleef-arpels product_tag-catalogue product_tag-exclusivite product_tag-nouveaute product_tag-pepite has-post-thumbnail sold-individually purchasable product-type-simple\" data-product-id=\"16943\">\r\n\r\n\t<div class=\"nm-shop-loop-product-wrap\">\r\n\r\n        \r\n\r\n\r\n        <div class=\"nm-shop-loop-thumbnail\">\r\n\r\n            \r\n            \r\n\r\n            <a href=\"https:\/\/weprecious.com\/en\/boutique\/marques\/van-cleef-arpels\/alhambra-van-cleef-arpels\/sautoir-sweet-alhambra-16-motifs-van-cleef-arpels\/\" class=\"nm-shop-loop-thumbnail-link woocommerce-LoopProduct-link\">\r\n\r\n            <img loading=\"lazy\" decoding=\"async\" width=\"350\" height=\"350\" src=\"https:\/\/weprecious.com\/wp-content\/uploads\/2025\/04\/VCN0884-D-van-cleef-and-arpels-vintage-alhambra-sautoir-20-motifs-or-jaune-crystal-8-350x350.png\" class=\"attachment-woocommerce_thumbnail size-woocommerce_thumbnail\" alt=\"Sautoir Sweet Alhambra 16 Motifs Van Cleef &amp; Arpels d&#039;occasion : Bijou authentifi\u00e9\" srcset=\"https:\/\/weprecious.com\/wp-content\/uploads\/2025\/04\/VCN0884-D-van-cleef-and-arpels-vintage-alhambra-sautoir-20-motifs-or-jaune-crystal-8-350x350.png 350w, https:\/\/weprecious.com\/wp-content\/uploads\/2025\/04\/VCN0884-D-van-cleef-and-arpels-vintage-alhambra-sautoir-20-motifs-or-jaune-crystal-8-300x300.png 300w, https:\/\/weprecious.com\/wp-content\/uploads\/2025\/04\/VCN0884-D-van-cleef-and-arpels-vintage-alhambra-sautoir-20-motifs-or-jaune-crystal-8-1024x1024.png 1024w, https:\/\/weprecious.com\/wp-content\/uploads\/2025\/04\/VCN0884-D-van-cleef-and-arpels-vintage-alhambra-sautoir-20-motifs-or-jaune-crystal-8-150x150.png 150w, https:\/\/weprecious.com\/wp-content\/uploads\/2025\/04\/VCN0884-D-van-cleef-and-arpels-vintage-alhambra-sautoir-20-motifs-or-jaune-crystal-8-768x768.png 768w, https:\/\/weprecious.com\/wp-content\/uploads\/2025\/04\/VCN0884-D-van-cleef-and-arpels-vintage-alhambra-sautoir-20-motifs-or-jaune-crystal-8-680x680.png 680w, https:\/\/weprecious.com\/wp-content\/uploads\/2025\/04\/VCN0884-D-van-cleef-and-arpels-vintage-alhambra-sautoir-20-motifs-or-jaune-crystal-8-100x100.png 100w, https:\/\/weprecious.com\/wp-content\/uploads\/2025\/04\/VCN0884-D-van-cleef-and-arpels-vintage-alhambra-sautoir-20-motifs-or-jaune-crystal-8.png 1080w\" sizes=\"auto, (max-width: 350px) 100vw, 350px\" \/><img loading=\"lazy\" decoding=\"async\" width=\"350\" height=\"350\" src=\"https:\/\/weprecious.com\/wp-content\/uploads\/2025\/04\/VCN0883-D-van-cleef-and-arpels-sweet-alhambra-sautoir-16-motifs-or-rose-martele-1-350x350.png\" class=\"attachment-woocommerce_thumbnail size-woocommerce_thumbnail nm-shop-hover-image\" alt=\"Sautoir Sweet Alhambra 16 Motifs Van Cleef &amp; Arpels d&#039;occasion : Bijou authentifi\u00e9\" srcset=\"https:\/\/weprecious.com\/wp-content\/uploads\/2025\/04\/VCN0883-D-van-cleef-and-arpels-sweet-alhambra-sautoir-16-motifs-or-rose-martele-1-350x350.png 350w, https:\/\/weprecious.com\/wp-content\/uploads\/2025\/04\/VCN0883-D-van-cleef-and-arpels-sweet-alhambra-sautoir-16-motifs-or-rose-martele-1-300x300.png 300w, https:\/\/weprecious.com\/wp-content\/uploads\/2025\/04\/VCN0883-D-van-cleef-and-arpels-sweet-alhambra-sautoir-16-motifs-or-rose-martele-1-1024x1024.png 1024w, https:\/\/weprecious.com\/wp-content\/uploads\/2025\/04\/VCN0883-D-van-cleef-and-arpels-sweet-alhambra-sautoir-16-motifs-or-rose-martele-1-150x150.png 150w, https:\/\/weprecious.com\/wp-content\/uploads\/2025\/04\/VCN0883-D-van-cleef-and-arpels-sweet-alhambra-sautoir-16-motifs-or-rose-martele-1-768x768.png 768w, https:\/\/weprecious.com\/wp-content\/uploads\/2025\/04\/VCN0883-D-van-cleef-and-arpels-sweet-alhambra-sautoir-16-motifs-or-rose-martele-1-680x680.png 680w, https:\/\/weprecious.com\/wp-content\/uploads\/2025\/04\/VCN0883-D-van-cleef-and-arpels-sweet-alhambra-sautoir-16-motifs-or-rose-martele-1-100x100.png 100w, https:\/\/weprecious.com\/wp-content\/uploads\/2025\/04\/VCN0883-D-van-cleef-and-arpels-sweet-alhambra-sautoir-16-motifs-or-rose-martele-1.png 1080w\" sizes=\"auto, (max-width: 350px) 100vw, 350px\" \/>\r\n            <\/a>\r\n\r\n        <\/div>\r\n\r\n        \r\n\r\n        <div class=\"nm-shop-loop-details\">\r\n\r\n            <a href=\"#\" id=\"nm-wishlist-item-16943-button\" class=\"nm-wishlist-button nm-wishlist-item-16943-button\" data-product-id=\"16943\" title=\"Add to Wishlist\"><i class=\"nm-font nm-font-heart-o\"><\/i><\/a>\r\n\t\t\t\r\n\r\n            <div class=\"nm-shop-loop-title-price\">\r\n\r\n            <h4 class=\"griffe-produit\">Van Cleef &amp; Arpels<\/h4><h3 class=\"woocommerce-loop-product__title\"><a href=\"https:\/\/weprecious.com\/en\/boutique\/marques\/van-cleef-arpels\/alhambra-van-cleef-arpels\/sautoir-sweet-alhambra-16-motifs-van-cleef-arpels\/\" class=\"nm-shop-loop-title-link woocommerce-LoopProduct-link\">Sautoir Sweet Alhambra 16 Motifs Van Cleef &#038; Arpels<\/a><\/h3><div class=\"sstitre-produit\">Or Rose<\/div>\r\n\t<span class=\"price\"><span class=\"woocommerce-Price-amount amount\"><bdi>11\u00a0250&nbsp;<span class=\"woocommerce-Price-currencySymbol\">&euro;<\/span><\/bdi><\/span><\/span>\r\n\r\n            <\/div>\r\n\r\n\r\n\r\n            <div class=\"nm-shop-loop-actions\">\r\n\r\n            \r\n            <\/div>\r\n\r\n        <\/div>\r\n\r\n        \r\n\r\n        \r\n    <\/div>\r\n\r\n<\/li>\r\n\r\n<\/ul>\r\n<\/div>\t\t\t\t<\/div>\n\t\t\t\t<\/div>\n\t\t\t\t<div class=\"elementor-element elementor-element-57cf3c7 elementor-widget elementor-widget-spacer\" data-id=\"57cf3c7\" data-element_type=\"widget\" data-e-type=\"widget\" data-widget_type=\"spacer.default\">\n\t\t\t\t\t\t\t<div class=\"elementor-spacer\">\n\t\t\t<div class=\"elementor-spacer-inner\"><\/div>\n\t\t<\/div>\n\t\t\t\t\t\t<\/div>\n\t\t\t\t\t<\/div>\n\t\t<\/div>\n\t\t\t\t\t<\/div>\n\t\t<\/section>\n\t\t\t\t<section class=\"elementor-section elementor-top-section elementor-element elementor-element-8a32f0f elementor-section-boxed elementor-section-height-default elementor-section-height-default\" data-id=\"8a32f0f\" data-element_type=\"section\" data-e-type=\"section\">\n\t\t\t\t\t\t<div class=\"elementor-container elementor-column-gap-default\">\n\t\t\t\t\t<div class=\"elementor-column elementor-col-100 elementor-top-column elementor-element elementor-element-384d945\" data-id=\"384d945\" data-element_type=\"column\" data-e-type=\"column\">\n\t\t\t<div class=\"elementor-widget-wrap elementor-element-populated\">\n\t\t\t\t\t\t<div class=\"elementor-element elementor-element-6d8a8da elementor-widget elementor-widget-spacer\" data-id=\"6d8a8da\" data-element_type=\"widget\" data-e-type=\"widget\" data-widget_type=\"spacer.default\">\n\t\t\t\t\t\t\t<div class=\"elementor-spacer\">\n\t\t\t<div class=\"elementor-spacer-inner\"><\/div>\n\t\t<\/div>\n\t\t\t\t\t\t<\/div>\n\t\t\t\t\t<\/div>\n\t\t<\/div>\n\t\t\t\t\t<\/div>\n\t\t<\/section>\n\t\t\t\t<section class=\"elementor-section elementor-top-section elementor-element elementor-element-51b8de9 elementor-section-boxed elementor-section-height-default elementor-section-height-default\" data-id=\"51b8de9\" data-element_type=\"section\" data-e-type=\"section\" data-settings=\"{&quot;background_background&quot;:&quot;classic&quot;}\">\n\t\t\t\t\t\t<div class=\"elementor-container elementor-column-gap-default\">\n\t\t\t\t\t<div class=\"elementor-column elementor-col-50 elementor-top-column elementor-element elementor-element-efc6b12\" data-id=\"efc6b12\" data-element_type=\"column\" data-e-type=\"column\">\n\t\t\t<div class=\"elementor-widget-wrap elementor-element-populated\">\n\t\t\t\t\t\t<div class=\"elementor-element elementor-element-c108c0f elementor-widget elementor-widget-spacer\" data-id=\"c108c0f\" data-element_type=\"widget\" data-e-type=\"widget\" data-widget_type=\"spacer.default\">\n\t\t\t\t\t\t\t<div class=\"elementor-spacer\">\n\t\t\t<div class=\"elementor-spacer-inner\"><\/div>\n\t\t<\/div>\n\t\t\t\t\t\t<\/div>\n\t\t\t\t<div class=\"elementor-element elementor-element-4139e8d elementor-product-loop-item--align-center elementor-grid-1 elementor-grid-tablet-3 elementor-grid-mobile-2 elementor-products-grid elementor-wc-products elementor-widget elementor-widget-woocommerce-products\" data-id=\"4139e8d\" data-element_type=\"widget\" data-e-type=\"widget\" data-widget_type=\"woocommerce-products.default\">\n\t\t\t\t<div class=\"elementor-widget-container\">\n\t\t\t\t\t<div class=\"woocommerce columns-1 \"><ul class=\"nm-products products xsmall-block-grid-1 small-block-grid-1 medium-block-grid-1 large-block-grid-1 grid-default layout-default attributes-position-thumbnail no-action-links\">\r\n\r\n<li class=\"product type-product post-20607 status-publish first instock product_cat-colliers-pendentifs product_cat-frivole-van-cleef-arpels product_cat-nouveaute product_cat-van-cleef-arpels product_tag-catalogue product_tag-exclusivite product_tag-nouveaute product_tag-pendentif has-post-thumbnail sold-individually purchasable product-type-simple\" data-product-id=\"20607\">\r\n\r\n\t<div class=\"nm-shop-loop-product-wrap\">\r\n\r\n        \r\n\r\n\r\n        <div class=\"nm-shop-loop-thumbnail\">\r\n\r\n            \r\n            \r\n\r\n            <a href=\"https:\/\/weprecious.com\/en\/boutique\/marques\/van-cleef-arpels\/frivole-van-cleef-arpels\/pendentif-frivole-petit-modele-van-cleef-arpels\/\" class=\"nm-shop-loop-thumbnail-link woocommerce-LoopProduct-link\">\r\n\r\n            <img loading=\"lazy\" decoding=\"async\" width=\"350\" height=\"350\" src=\"https:\/\/weprecious.com\/wp-content\/uploads\/2025\/09\/VCN0987-D-van-cleef-arpels-frivole-collier-or-jaune-diamant-4-350x350.png\" class=\"attachment-woocommerce_thumbnail size-woocommerce_thumbnail\" alt=\"Pendentif Frivole Petit Mod\u00e8le Van Cleef &amp; Arpels d&#039;occasion : Bijou authentifi\u00e9\" srcset=\"https:\/\/weprecious.com\/wp-content\/uploads\/2025\/09\/VCN0987-D-van-cleef-arpels-frivole-collier-or-jaune-diamant-4-350x350.png 350w, https:\/\/weprecious.com\/wp-content\/uploads\/2025\/09\/VCN0987-D-van-cleef-arpels-frivole-collier-or-jaune-diamant-4-300x300.png 300w, https:\/\/weprecious.com\/wp-content\/uploads\/2025\/09\/VCN0987-D-van-cleef-arpels-frivole-collier-or-jaune-diamant-4-1024x1024.png 1024w, https:\/\/weprecious.com\/wp-content\/uploads\/2025\/09\/VCN0987-D-van-cleef-arpels-frivole-collier-or-jaune-diamant-4-150x150.png 150w, https:\/\/weprecious.com\/wp-content\/uploads\/2025\/09\/VCN0987-D-van-cleef-arpels-frivole-collier-or-jaune-diamant-4-768x768.png 768w, https:\/\/weprecious.com\/wp-content\/uploads\/2025\/09\/VCN0987-D-van-cleef-arpels-frivole-collier-or-jaune-diamant-4-12x12.png 12w, https:\/\/weprecious.com\/wp-content\/uploads\/2025\/09\/VCN0987-D-van-cleef-arpels-frivole-collier-or-jaune-diamant-4-680x680.png 680w, https:\/\/weprecious.com\/wp-content\/uploads\/2025\/09\/VCN0987-D-van-cleef-arpels-frivole-collier-or-jaune-diamant-4-100x100.png 100w, https:\/\/weprecious.com\/wp-content\/uploads\/2025\/09\/VCN0987-D-van-cleef-arpels-frivole-collier-or-jaune-diamant-4.png 1080w\" sizes=\"auto, (max-width: 350px) 100vw, 350px\" \/><img loading=\"lazy\" decoding=\"async\" width=\"350\" height=\"350\" src=\"https:\/\/weprecious.com\/wp-content\/uploads\/2025\/09\/VCN0987-D-van-cleef-arpels-frivole-collier-or-jaune-diamant-2-350x350.png\" class=\"attachment-woocommerce_thumbnail size-woocommerce_thumbnail nm-shop-hover-image\" alt=\"Pendentif Frivole Petit Mod\u00e8le Van Cleef &amp; Arpels d&#039;occasion : Bijou authentifi\u00e9\" srcset=\"https:\/\/weprecious.com\/wp-content\/uploads\/2025\/09\/VCN0987-D-van-cleef-arpels-frivole-collier-or-jaune-diamant-2-350x350.png 350w, https:\/\/weprecious.com\/wp-content\/uploads\/2025\/09\/VCN0987-D-van-cleef-arpels-frivole-collier-or-jaune-diamant-2-300x300.png 300w, https:\/\/weprecious.com\/wp-content\/uploads\/2025\/09\/VCN0987-D-van-cleef-arpels-frivole-collier-or-jaune-diamant-2-1024x1024.png 1024w, https:\/\/weprecious.com\/wp-content\/uploads\/2025\/09\/VCN0987-D-van-cleef-arpels-frivole-collier-or-jaune-diamant-2-150x150.png 150w, https:\/\/weprecious.com\/wp-content\/uploads\/2025\/09\/VCN0987-D-van-cleef-arpels-frivole-collier-or-jaune-diamant-2-768x768.png 768w, https:\/\/weprecious.com\/wp-content\/uploads\/2025\/09\/VCN0987-D-van-cleef-arpels-frivole-collier-or-jaune-diamant-2-12x12.png 12w, https:\/\/weprecious.com\/wp-content\/uploads\/2025\/09\/VCN0987-D-van-cleef-arpels-frivole-collier-or-jaune-diamant-2-680x680.png 680w, https:\/\/weprecious.com\/wp-content\/uploads\/2025\/09\/VCN0987-D-van-cleef-arpels-frivole-collier-or-jaune-diamant-2-100x100.png 100w, https:\/\/weprecious.com\/wp-content\/uploads\/2025\/09\/VCN0987-D-van-cleef-arpels-frivole-collier-or-jaune-diamant-2.png 1080w\" sizes=\"auto, (max-width: 350px) 100vw, 350px\" \/>\r\n            <\/a>\r\n\r\n        <\/div>\r\n\r\n        \r\n\r\n        <div class=\"nm-shop-loop-details\">\r\n\r\n            <a href=\"#\" id=\"nm-wishlist-item-20607-button\" class=\"nm-wishlist-button nm-wishlist-item-20607-button\" data-product-id=\"20607\" title=\"Add to Wishlist\"><i class=\"nm-font nm-font-heart-o\"><\/i><\/a>\r\n\t\t\t\r\n\r\n            <div class=\"nm-shop-loop-title-price\">\r\n\r\n            <h4 class=\"griffe-produit\">Van Cleef &amp; Arpels<\/h4><h3 class=\"woocommerce-loop-product__title\"><a href=\"https:\/\/weprecious.com\/en\/boutique\/marques\/van-cleef-arpels\/frivole-van-cleef-arpels\/pendentif-frivole-petit-modele-van-cleef-arpels\/\" class=\"nm-shop-loop-title-link woocommerce-LoopProduct-link\">Pendentif Frivole Petit Mod\u00e8le Van Cleef &#038; Arpels<\/a><\/h3><div class=\"sstitre-produit\">Or Jaune, Diamant<\/div>\r\n\t<span class=\"price\"><span class=\"woocommerce-Price-amount amount\"><bdi>9\u00a0000&nbsp;<span class=\"woocommerce-Price-currencySymbol\">&euro;<\/span><\/bdi><\/span><\/span>\r\n\r\n            <\/div>\r\n\r\n\r\n\r\n            <div class=\"nm-shop-loop-actions\">\r\n\r\n            \r\n            <\/div>\r\n\r\n        <\/div>\r\n\r\n        \r\n\r\n        \r\n    <\/div>\r\n\r\n<\/li>\r\n\r\n<\/ul>\r\n<\/div>\t\t\t\t<\/div>\n\t\t\t\t<\/div>\n\t\t\t\t\t<\/div>\n\t\t<\/div>\n\t\t\t\t<div class=\"elementor-column elementor-col-50 elementor-top-column elementor-element elementor-element-2a96215\" data-id=\"2a96215\" data-element_type=\"column\" data-e-type=\"column\">\n\t\t\t<div class=\"elementor-widget-wrap elementor-element-populated\">\n\t\t\t\t\t\t<div class=\"elementor-element elementor-element-c6ba22b elementor-widget elementor-widget-text-editor\" data-id=\"c6ba22b\" data-element_type=\"widget\" data-e-type=\"widget\" data-widget_type=\"text-editor.default\">\n\t\t\t\t\t\t\t\t\t<h3>collier frivole occasion femme<\/h3>\t\t\t\t\t\t\t\t<\/div>\n\t\t\t\t<div class=\"elementor-element elementor-element-3d87eaa elementor-widget elementor-widget-text-editor\" data-id=\"3d87eaa\" data-element_type=\"widget\" data-e-type=\"widget\" data-widget_type=\"text-editor.default\">\n\t\t\t\t\t\t\t\t\t<h3>Le collier Frivole<\/h3>\t\t\t\t\t\t\t\t<\/div>\n\t\t\t\t<div class=\"elementor-element elementor-element-92fa3d0 elementor-widget elementor-widget-text-editor\" data-id=\"92fa3d0\" data-element_type=\"widget\" data-e-type=\"widget\" data-widget_type=\"text-editor.default\">\n\t\t\t\t\t\t\t\t\t<p>Le <a href=\"https:\/\/weprecious.com\/boutique\/marques\/van-cleef-arpels\/frivole\/\" target=\"_blank\" rel=\"noopener\">collier Frivole<\/a> de <strong>Van Cleef &amp; Arpels<\/strong> est une pi\u00e8ce \u00e9l\u00e9gante et d\u00e9licate qui capture la l\u00e9g\u00e8ret\u00e9 et la beaut\u00e9 des fleurs. Lanc\u00e9e en 2003, cette collection se distingue par son design raffin\u00e9 et son esprit ludique, o\u00f9 les fleurs stylis\u00e9es sont magnifiquement interpr\u00e9t\u00e9es \u00e0 travers des p\u00e9tales aux courbes douces et lumineuses.<\/p><p>Le <strong>collier Frivole<\/strong> est souvent orn\u00e9 de diamants, de nacre ou de pierres pr\u00e9cieuses, cr\u00e9ant une brillance subtile qui rappelle la fra\u00eecheur des fleurs au printemps. Les motifs floraux de la<a href=\"https:\/\/weprecious.com\/boutique\/marques\/van-cleef-arpels\/frivole\/\" target=\"_blank\" rel=\"noopener\"> collection Frivole<\/a>, tout en finesse, symbolisent l\u2019\u00e9panouissement, la joie et l\u2019\u00e9l\u00e9gance, ajoutant une touche de romance \u00e0 chaque bijou.<\/p>\t\t\t\t\t\t\t\t<\/div>\n\t\t\t\t<div class=\"elementor-element elementor-element-b657927 elementor-align-center elementor-widget elementor-widget-button\" data-id=\"b657927\" data-element_type=\"widget\" data-e-type=\"widget\" data-widget_type=\"button.default\">\n\t\t\t\t\t\t\t\t\t\t<a class=\"elementor-button elementor-button-link elementor-size-xs\" href=\"https:\/\/weprecious.com\/boutique\/marques\/van-cleef-arpels\/frivole\/\" target=\"_blank\">\n\t\t\t\t\t\t<span class=\"elementor-button-content-wrapper\">\n\t\t\t\t\t\t\t\t\t<span class=\"elementor-button-text\">D\u00e9couvrir plus de bijoux<\/span>\n\t\t\t\t\t<\/span>\n\t\t\t\t\t<\/a>\n\t\t\t\t\t\t\t\t<\/div>\n\t\t\t\t\t<\/div>\n\t\t<\/div>\n\t\t\t\t\t<\/div>\n\t\t<\/section>\n\t\t\t\t<section class=\"elementor-section elementor-top-section elementor-element elementor-element-fc1e04b elementor-section-boxed elementor-section-height-default elementor-section-height-default\" data-id=\"fc1e04b\" data-element_type=\"section\" data-e-type=\"section\">\n\t\t\t\t\t\t<div class=\"elementor-container elementor-column-gap-default\">\n\t\t\t\t\t<div class=\"elementor-column elementor-col-100 elementor-top-column elementor-element elementor-element-aa1f00d\" data-id=\"aa1f00d\" data-element_type=\"column\" data-e-type=\"column\">\n\t\t\t<div class=\"elementor-widget-wrap elementor-element-populated\">\n\t\t\t\t\t\t<div class=\"elementor-element elementor-element-2e0944f elementor-widget elementor-widget-spacer\" data-id=\"2e0944f\" data-element_type=\"widget\" data-e-type=\"widget\" data-widget_type=\"spacer.default\">\n\t\t\t\t\t\t\t<div class=\"elementor-spacer\">\n\t\t\t<div class=\"elementor-spacer-inner\"><\/div>\n\t\t<\/div>\n\t\t\t\t\t\t<\/div>\n\t\t\t\t<div class=\"elementor-element elementor-element-4d86806 elementor-widget elementor-widget-spacer\" data-id=\"4d86806\" data-element_type=\"widget\" data-e-type=\"widget\" data-widget_type=\"spacer.default\">\n\t\t\t\t\t\t\t<div class=\"elementor-spacer\">\n\t\t\t<div class=\"elementor-spacer-inner\"><\/div>\n\t\t<\/div>\n\t\t\t\t\t\t<\/div>\n\t\t\t\t\t<\/div>\n\t\t<\/div>\n\t\t\t\t\t<\/div>\n\t\t<\/section>\n\t\t\t\t<section class=\"elementor-section elementor-top-section elementor-element elementor-element-9790913 elementor-section-boxed elementor-section-height-default elementor-section-height-default\" data-id=\"9790913\" data-element_type=\"section\" data-e-type=\"section\">\n\t\t\t\t\t\t<div class=\"elementor-container elementor-column-gap-default\">\n\t\t\t\t\t<div class=\"elementor-column elementor-col-100 elementor-top-column elementor-element elementor-element-86c448c\" data-id=\"86c448c\" data-element_type=\"column\" data-e-type=\"column\">\n\t\t\t<div class=\"elementor-widget-wrap elementor-element-populated\">\n\t\t\t\t\t\t<div class=\"elementor-element elementor-element-f9d284a elementor-widget elementor-widget-text-editor\" data-id=\"f9d284a\" data-element_type=\"widget\" data-e-type=\"widget\" data-widget_type=\"text-editor.default\">\n\t\t\t\t\t\t\t\t\t<p><a href=\"https:\/\/weprecious.com\/boutique\/bijoux\/bracelets\/?filter_marque=van-cleef-arpels\" target=\"_blank\" rel=\"noopener\">Les collier Van Cleef &amp; Arpels d\u2019occasion<\/a> rigoureusement choisis pour leur qualit\u00e9 et leur beaut\u00e9 et dont nous avons soigneusement \u00e9valu\u00e9 l\u2019authenticit\u00e9 avec un expert partenaire sont de r\u00e9elles \u0153uvres d\u2019art issues d\u2019un <strong>savoir-faire joaillier<\/strong> remarquable. D\u00e9couvrez d\u00e8s maintenant, en toute confiance, nos <a href=\"https:\/\/weprecious.com\/boutique\/marques\/van-cleef-arpels\/\" target=\"_blank\" rel=\"noopener\">pi\u00e8ces Van Cleef &amp; Arpels de seconde main<\/a> sur weprecious.com<\/p>\t\t\t\t\t\t\t\t<\/div>\n\t\t\t\t\t<\/div>\n\t\t<\/div>\n\t\t\t\t\t<\/div>\n\t\t<\/section>\n\t\t\t\t<section class=\"elementor-section elementor-top-section elementor-element elementor-element-993533b elementor-section-boxed elementor-section-height-default elementor-section-height-default\" data-id=\"993533b\" data-element_type=\"section\" data-e-type=\"section\">\n\t\t\t\t\t\t<div class=\"elementor-container elementor-column-gap-default\">\n\t\t\t\t\t<div class=\"elementor-column elementor-col-100 elementor-top-column elementor-element elementor-element-c0b35e1\" data-id=\"c0b35e1\" data-element_type=\"column\" data-e-type=\"column\">\n\t\t\t<div class=\"elementor-widget-wrap elementor-element-populated\">\n\t\t\t\t\t\t<div class=\"elementor-element elementor-element-5ee673f elementor-widget elementor-widget-heading\" data-id=\"5ee673f\" data-element_type=\"widget\" data-e-type=\"widget\" data-widget_type=\"heading.default\">\n\t\t\t\t\t<h2 class=\"elementor-heading-title elementor-size-default\">Notre s\u00e9lection de colliers Van Cleef &amp; Arpels d'occasion<\/h2>\t\t\t\t<\/div>\n\t\t\t\t<div class=\"elementor-element elementor-element-7c71dae elementor-widget elementor-widget-spacer\" data-id=\"7c71dae\" data-element_type=\"widget\" data-e-type=\"widget\" data-widget_type=\"spacer.default\">\n\t\t\t\t\t\t\t<div class=\"elementor-spacer\">\n\t\t\t<div class=\"elementor-spacer-inner\"><\/div>\n\t\t<\/div>\n\t\t\t\t\t\t<\/div>\n\t\t\t\t<div class=\"elementor-element elementor-element-50f327c elementor-product-loop-item--align-center elementor-grid-4 elementor-grid-tablet-3 elementor-grid-mobile-2 elementor-products-grid elementor-wc-products elementor-widget elementor-widget-woocommerce-products\" data-id=\"50f327c\" data-element_type=\"widget\" data-e-type=\"widget\" data-widget_type=\"woocommerce-products.default\">\n\t\t\t\t<div class=\"elementor-widget-container\">\n\t\t\t\t\t<div class=\"woocommerce columns-4 \"><ul class=\"nm-products products xsmall-block-grid-1 small-block-grid-2 medium-block-grid-3 large-block-grid-4 grid-default layout-default attributes-position-thumbnail no-action-links\">\r\n\r\n<li class=\"product type-product post-22756 status-publish first instock product_cat-alhambra-van-cleef-arpels product_cat-colliers-pendentifs product_cat-nouveaute product_cat-van-cleef-arpels product_tag-catalogue product_tag-exclusivite product_tag-nouveaute product_tag-pendentif has-post-thumbnail sold-individually purchasable product-type-simple\" data-product-id=\"22756\">\r\n\r\n\t<div class=\"nm-shop-loop-product-wrap\">\r\n\r\n        \r\n\r\n\r\n        <div class=\"nm-shop-loop-thumbnail\">\r\n\r\n            \r\n            \r\n\r\n            <a href=\"https:\/\/weprecious.com\/en\/boutique\/marques\/van-cleef-arpels\/alhambra-van-cleef-arpels\/collier-vintage-alhambra-1-motif-edition-limitee-2019-van-cleef-arpels\/\" class=\"nm-shop-loop-thumbnail-link woocommerce-LoopProduct-link\">\r\n\r\n            <img loading=\"lazy\" decoding=\"async\" width=\"350\" height=\"350\" src=\"https:\/\/weprecious.com\/wp-content\/uploads\/2026\/03\/23-1-350x350.jpg\" class=\"attachment-woocommerce_thumbnail size-woocommerce_thumbnail\" alt=\"Collier Vintage Alhambra 1 motif (Edition Limit\u00e9e 2019) Van Cleef &amp; Arpels d&#039;occasion : Bijou authentifi\u00e9\" srcset=\"https:\/\/weprecious.com\/wp-content\/uploads\/2026\/03\/23-1-350x350.jpg 350w, https:\/\/weprecious.com\/wp-content\/uploads\/2026\/03\/23-1-300x300.jpg 300w, https:\/\/weprecious.com\/wp-content\/uploads\/2026\/03\/23-1-1024x1024.jpg 1024w, https:\/\/weprecious.com\/wp-content\/uploads\/2026\/03\/23-1-150x150.jpg 150w, https:\/\/weprecious.com\/wp-content\/uploads\/2026\/03\/23-1-768x768.jpg 768w, https:\/\/weprecious.com\/wp-content\/uploads\/2026\/03\/23-1-12x12.jpg 12w, https:\/\/weprecious.com\/wp-content\/uploads\/2026\/03\/23-1-680x680.jpg 680w, https:\/\/weprecious.com\/wp-content\/uploads\/2026\/03\/23-1-100x100.jpg 100w, https:\/\/weprecious.com\/wp-content\/uploads\/2026\/03\/23-1.jpg 1080w\" sizes=\"auto, (max-width: 350px) 100vw, 350px\" \/><img loading=\"lazy\" decoding=\"async\" width=\"350\" height=\"350\" src=\"https:\/\/weprecious.com\/wp-content\/uploads\/2026\/03\/VCN1321-D-van-cleef-arpels-alhambra-collier-or-jaune-diamant-porcelaine-de-sevres-fl3-350x350.png\" class=\"attachment-woocommerce_thumbnail size-woocommerce_thumbnail nm-shop-hover-image\" alt=\"Collier Vintage Alhambra 1 motif Van Cleef &amp; Arpels d&#039;occasion : Bijou authentifi\u00e9\" srcset=\"https:\/\/weprecious.com\/wp-content\/uploads\/2026\/03\/VCN1321-D-van-cleef-arpels-alhambra-collier-or-jaune-diamant-porcelaine-de-sevres-fl3-350x350.png 350w, https:\/\/weprecious.com\/wp-content\/uploads\/2026\/03\/VCN1321-D-van-cleef-arpels-alhambra-collier-or-jaune-diamant-porcelaine-de-sevres-fl3-300x300.png 300w, https:\/\/weprecious.com\/wp-content\/uploads\/2026\/03\/VCN1321-D-van-cleef-arpels-alhambra-collier-or-jaune-diamant-porcelaine-de-sevres-fl3-150x150.png 150w, https:\/\/weprecious.com\/wp-content\/uploads\/2026\/03\/VCN1321-D-van-cleef-arpels-alhambra-collier-or-jaune-diamant-porcelaine-de-sevres-fl3-768x768.png 768w, https:\/\/weprecious.com\/wp-content\/uploads\/2026\/03\/VCN1321-D-van-cleef-arpels-alhambra-collier-or-jaune-diamant-porcelaine-de-sevres-fl3-12x12.png 12w, https:\/\/weprecious.com\/wp-content\/uploads\/2026\/03\/VCN1321-D-van-cleef-arpels-alhambra-collier-or-jaune-diamant-porcelaine-de-sevres-fl3-680x680.png 680w, https:\/\/weprecious.com\/wp-content\/uploads\/2026\/03\/VCN1321-D-van-cleef-arpels-alhambra-collier-or-jaune-diamant-porcelaine-de-sevres-fl3-100x100.png 100w, https:\/\/weprecious.com\/wp-content\/uploads\/2026\/03\/VCN1321-D-van-cleef-arpels-alhambra-collier-or-jaune-diamant-porcelaine-de-sevres-fl3.png 1024w\" sizes=\"auto, (max-width: 350px) 100vw, 350px\" \/>\r\n            <\/a>\r\n\r\n        <\/div>\r\n\r\n        \r\n\r\n        <div class=\"nm-shop-loop-details\">\r\n\r\n            <a href=\"#\" id=\"nm-wishlist-item-22756-button\" class=\"nm-wishlist-button nm-wishlist-item-22756-button\" data-product-id=\"22756\" title=\"Add to Wishlist\"><i class=\"nm-font nm-font-heart-o\"><\/i><\/a>\r\n\t\t\t\r\n\r\n            <div class=\"nm-shop-loop-title-price\">\r\n\r\n            <h4 class=\"griffe-produit\">Van Cleef &amp; Arpels<\/h4><h3 class=\"woocommerce-loop-product__title\"><a href=\"https:\/\/weprecious.com\/en\/boutique\/marques\/van-cleef-arpels\/alhambra-van-cleef-arpels\/collier-vintage-alhambra-1-motif-edition-limitee-2019-van-cleef-arpels\/\" class=\"nm-shop-loop-title-link woocommerce-LoopProduct-link\">Collier Vintage Alhambra 1 motif (Edition Limit\u00e9e 2019) Van Cleef &#038; Arpels<\/a><\/h3><div class=\"sstitre-produit\">Or Jaune, Diamant, Porcelaine de S\u00e8vres<\/div>\r\n\t<span class=\"price\"><span class=\"woocommerce-Price-amount amount\"><bdi>6\u00a0500&nbsp;<span class=\"woocommerce-Price-currencySymbol\">&euro;<\/span><\/bdi><\/span><\/span>\r\n\r\n            <\/div>\r\n\r\n\r\n\r\n            <div class=\"nm-shop-loop-actions\">\r\n\r\n            \r\n            <\/div>\r\n\r\n        <\/div>\r\n\r\n        \r\n\r\n        \r\n    <\/div>\r\n\r\n<\/li>\r\n\r\n\r\n<li class=\"product type-product post-16943 status-publish instock product_cat-alhambra-van-cleef-arpels product_cat-colliers-pendentifs product_cat-nouveaute product_cat-van-cleef-arpels product_tag-catalogue product_tag-exclusivite product_tag-nouveaute product_tag-pepite has-post-thumbnail sold-individually purchasable product-type-simple\" data-product-id=\"16943\">\r\n\r\n\t<div class=\"nm-shop-loop-product-wrap\">\r\n\r\n        \r\n\r\n\r\n        <div class=\"nm-shop-loop-thumbnail\">\r\n\r\n            \r\n            \r\n\r\n            <a href=\"https:\/\/weprecious.com\/en\/boutique\/marques\/van-cleef-arpels\/alhambra-van-cleef-arpels\/sautoir-sweet-alhambra-16-motifs-van-cleef-arpels\/\" class=\"nm-shop-loop-thumbnail-link woocommerce-LoopProduct-link\">\r\n\r\n            <img loading=\"lazy\" decoding=\"async\" width=\"350\" height=\"350\" src=\"https:\/\/weprecious.com\/wp-content\/uploads\/2025\/04\/VCN0884-D-van-cleef-and-arpels-vintage-alhambra-sautoir-20-motifs-or-jaune-crystal-8-350x350.png\" class=\"attachment-woocommerce_thumbnail size-woocommerce_thumbnail\" alt=\"Sautoir Sweet Alhambra 16 Motifs Van Cleef &amp; Arpels d&#039;occasion : Bijou authentifi\u00e9\" srcset=\"https:\/\/weprecious.com\/wp-content\/uploads\/2025\/04\/VCN0884-D-van-cleef-and-arpels-vintage-alhambra-sautoir-20-motifs-or-jaune-crystal-8-350x350.png 350w, https:\/\/weprecious.com\/wp-content\/uploads\/2025\/04\/VCN0884-D-van-cleef-and-arpels-vintage-alhambra-sautoir-20-motifs-or-jaune-crystal-8-300x300.png 300w, https:\/\/weprecious.com\/wp-content\/uploads\/2025\/04\/VCN0884-D-van-cleef-and-arpels-vintage-alhambra-sautoir-20-motifs-or-jaune-crystal-8-1024x1024.png 1024w, https:\/\/weprecious.com\/wp-content\/uploads\/2025\/04\/VCN0884-D-van-cleef-and-arpels-vintage-alhambra-sautoir-20-motifs-or-jaune-crystal-8-150x150.png 150w, https:\/\/weprecious.com\/wp-content\/uploads\/2025\/04\/VCN0884-D-van-cleef-and-arpels-vintage-alhambra-sautoir-20-motifs-or-jaune-crystal-8-768x768.png 768w, https:\/\/weprecious.com\/wp-content\/uploads\/2025\/04\/VCN0884-D-van-cleef-and-arpels-vintage-alhambra-sautoir-20-motifs-or-jaune-crystal-8-680x680.png 680w, https:\/\/weprecious.com\/wp-content\/uploads\/2025\/04\/VCN0884-D-van-cleef-and-arpels-vintage-alhambra-sautoir-20-motifs-or-jaune-crystal-8-100x100.png 100w, https:\/\/weprecious.com\/wp-content\/uploads\/2025\/04\/VCN0884-D-van-cleef-and-arpels-vintage-alhambra-sautoir-20-motifs-or-jaune-crystal-8.png 1080w\" sizes=\"auto, (max-width: 350px) 100vw, 350px\" \/><img loading=\"lazy\" decoding=\"async\" width=\"350\" height=\"350\" src=\"https:\/\/weprecious.com\/wp-content\/uploads\/2025\/04\/VCN0883-D-van-cleef-and-arpels-sweet-alhambra-sautoir-16-motifs-or-rose-martele-1-350x350.png\" class=\"attachment-woocommerce_thumbnail size-woocommerce_thumbnail nm-shop-hover-image\" alt=\"Sautoir Sweet Alhambra 16 Motifs Van Cleef &amp; Arpels d&#039;occasion : Bijou authentifi\u00e9\" srcset=\"https:\/\/weprecious.com\/wp-content\/uploads\/2025\/04\/VCN0883-D-van-cleef-and-arpels-sweet-alhambra-sautoir-16-motifs-or-rose-martele-1-350x350.png 350w, https:\/\/weprecious.com\/wp-content\/uploads\/2025\/04\/VCN0883-D-van-cleef-and-arpels-sweet-alhambra-sautoir-16-motifs-or-rose-martele-1-300x300.png 300w, https:\/\/weprecious.com\/wp-content\/uploads\/2025\/04\/VCN0883-D-van-cleef-and-arpels-sweet-alhambra-sautoir-16-motifs-or-rose-martele-1-1024x1024.png 1024w, https:\/\/weprecious.com\/wp-content\/uploads\/2025\/04\/VCN0883-D-van-cleef-and-arpels-sweet-alhambra-sautoir-16-motifs-or-rose-martele-1-150x150.png 150w, https:\/\/weprecious.com\/wp-content\/uploads\/2025\/04\/VCN0883-D-van-cleef-and-arpels-sweet-alhambra-sautoir-16-motifs-or-rose-martele-1-768x768.png 768w, https:\/\/weprecious.com\/wp-content\/uploads\/2025\/04\/VCN0883-D-van-cleef-and-arpels-sweet-alhambra-sautoir-16-motifs-or-rose-martele-1-680x680.png 680w, https:\/\/weprecious.com\/wp-content\/uploads\/2025\/04\/VCN0883-D-van-cleef-and-arpels-sweet-alhambra-sautoir-16-motifs-or-rose-martele-1-100x100.png 100w, https:\/\/weprecious.com\/wp-content\/uploads\/2025\/04\/VCN0883-D-van-cleef-and-arpels-sweet-alhambra-sautoir-16-motifs-or-rose-martele-1.png 1080w\" sizes=\"auto, (max-width: 350px) 100vw, 350px\" \/>\r\n            <\/a>\r\n\r\n        <\/div>\r\n\r\n        \r\n\r\n        <div class=\"nm-shop-loop-details\">\r\n\r\n            <a href=\"#\" id=\"nm-wishlist-item-16943-button\" class=\"nm-wishlist-button nm-wishlist-item-16943-button\" data-product-id=\"16943\" title=\"Add to Wishlist\"><i class=\"nm-font nm-font-heart-o\"><\/i><\/a>\r\n\t\t\t\r\n\r\n            <div class=\"nm-shop-loop-title-price\">\r\n\r\n            <h4 class=\"griffe-produit\">Van Cleef &amp; Arpels<\/h4><h3 class=\"woocommerce-loop-product__title\"><a href=\"https:\/\/weprecious.com\/en\/boutique\/marques\/van-cleef-arpels\/alhambra-van-cleef-arpels\/sautoir-sweet-alhambra-16-motifs-van-cleef-arpels\/\" class=\"nm-shop-loop-title-link woocommerce-LoopProduct-link\">Sautoir Sweet Alhambra 16 Motifs Van Cleef &#038; Arpels<\/a><\/h3><div class=\"sstitre-produit\">Or Rose<\/div>\r\n\t<span class=\"price\"><span class=\"woocommerce-Price-amount amount\"><bdi>11\u00a0250&nbsp;<span class=\"woocommerce-Price-currencySymbol\">&euro;<\/span><\/bdi><\/span><\/span>\r\n\r\n            <\/div>\r\n\r\n\r\n\r\n            <div class=\"nm-shop-loop-actions\">\r\n\r\n            \r\n            <\/div>\r\n\r\n        <\/div>\r\n\r\n        \r\n\r\n        \r\n    <\/div>\r\n\r\n<\/li>\r\n\r\n\r\n<li class=\"product type-product post-20607 status-publish instock product_cat-colliers-pendentifs product_cat-frivole-van-cleef-arpels product_cat-nouveaute product_cat-van-cleef-arpels product_tag-catalogue product_tag-exclusivite product_tag-nouveaute product_tag-pendentif has-post-thumbnail sold-individually purchasable product-type-simple\" data-product-id=\"20607\">\r\n\r\n\t<div class=\"nm-shop-loop-product-wrap\">\r\n\r\n        \r\n\r\n\r\n        <div class=\"nm-shop-loop-thumbnail\">\r\n\r\n            \r\n            \r\n\r\n            <a href=\"https:\/\/weprecious.com\/en\/boutique\/marques\/van-cleef-arpels\/frivole-van-cleef-arpels\/pendentif-frivole-petit-modele-van-cleef-arpels\/\" class=\"nm-shop-loop-thumbnail-link woocommerce-LoopProduct-link\">\r\n\r\n            <img loading=\"lazy\" decoding=\"async\" width=\"350\" height=\"350\" src=\"https:\/\/weprecious.com\/wp-content\/uploads\/2025\/09\/VCN0987-D-van-cleef-arpels-frivole-collier-or-jaune-diamant-4-350x350.png\" class=\"attachment-woocommerce_thumbnail size-woocommerce_thumbnail\" alt=\"Pendentif Frivole Petit Mod\u00e8le Van Cleef &amp; Arpels d&#039;occasion : Bijou authentifi\u00e9\" srcset=\"https:\/\/weprecious.com\/wp-content\/uploads\/2025\/09\/VCN0987-D-van-cleef-arpels-frivole-collier-or-jaune-diamant-4-350x350.png 350w, https:\/\/weprecious.com\/wp-content\/uploads\/2025\/09\/VCN0987-D-van-cleef-arpels-frivole-collier-or-jaune-diamant-4-300x300.png 300w, https:\/\/weprecious.com\/wp-content\/uploads\/2025\/09\/VCN0987-D-van-cleef-arpels-frivole-collier-or-jaune-diamant-4-1024x1024.png 1024w, https:\/\/weprecious.com\/wp-content\/uploads\/2025\/09\/VCN0987-D-van-cleef-arpels-frivole-collier-or-jaune-diamant-4-150x150.png 150w, https:\/\/weprecious.com\/wp-content\/uploads\/2025\/09\/VCN0987-D-van-cleef-arpels-frivole-collier-or-jaune-diamant-4-768x768.png 768w, https:\/\/weprecious.com\/wp-content\/uploads\/2025\/09\/VCN0987-D-van-cleef-arpels-frivole-collier-or-jaune-diamant-4-12x12.png 12w, https:\/\/weprecious.com\/wp-content\/uploads\/2025\/09\/VCN0987-D-van-cleef-arpels-frivole-collier-or-jaune-diamant-4-680x680.png 680w, https:\/\/weprecious.com\/wp-content\/uploads\/2025\/09\/VCN0987-D-van-cleef-arpels-frivole-collier-or-jaune-diamant-4-100x100.png 100w, https:\/\/weprecious.com\/wp-content\/uploads\/2025\/09\/VCN0987-D-van-cleef-arpels-frivole-collier-or-jaune-diamant-4.png 1080w\" sizes=\"auto, (max-width: 350px) 100vw, 350px\" \/><img loading=\"lazy\" decoding=\"async\" width=\"350\" height=\"350\" src=\"https:\/\/weprecious.com\/wp-content\/uploads\/2025\/09\/VCN0987-D-van-cleef-arpels-frivole-collier-or-jaune-diamant-2-350x350.png\" class=\"attachment-woocommerce_thumbnail size-woocommerce_thumbnail nm-shop-hover-image\" alt=\"Pendentif Frivole Petit Mod\u00e8le Van Cleef &amp; Arpels d&#039;occasion : Bijou authentifi\u00e9\" srcset=\"https:\/\/weprecious.com\/wp-content\/uploads\/2025\/09\/VCN0987-D-van-cleef-arpels-frivole-collier-or-jaune-diamant-2-350x350.png 350w, https:\/\/weprecious.com\/wp-content\/uploads\/2025\/09\/VCN0987-D-van-cleef-arpels-frivole-collier-or-jaune-diamant-2-300x300.png 300w, https:\/\/weprecious.com\/wp-content\/uploads\/2025\/09\/VCN0987-D-van-cleef-arpels-frivole-collier-or-jaune-diamant-2-1024x1024.png 1024w, https:\/\/weprecious.com\/wp-content\/uploads\/2025\/09\/VCN0987-D-van-cleef-arpels-frivole-collier-or-jaune-diamant-2-150x150.png 150w, https:\/\/weprecious.com\/wp-content\/uploads\/2025\/09\/VCN0987-D-van-cleef-arpels-frivole-collier-or-jaune-diamant-2-768x768.png 768w, https:\/\/weprecious.com\/wp-content\/uploads\/2025\/09\/VCN0987-D-van-cleef-arpels-frivole-collier-or-jaune-diamant-2-12x12.png 12w, https:\/\/weprecious.com\/wp-content\/uploads\/2025\/09\/VCN0987-D-van-cleef-arpels-frivole-collier-or-jaune-diamant-2-680x680.png 680w, https:\/\/weprecious.com\/wp-content\/uploads\/2025\/09\/VCN0987-D-van-cleef-arpels-frivole-collier-or-jaune-diamant-2-100x100.png 100w, https:\/\/weprecious.com\/wp-content\/uploads\/2025\/09\/VCN0987-D-van-cleef-arpels-frivole-collier-or-jaune-diamant-2.png 1080w\" sizes=\"auto, (max-width: 350px) 100vw, 350px\" \/>\r\n            <\/a>\r\n\r\n        <\/div>\r\n\r\n        \r\n\r\n        <div class=\"nm-shop-loop-details\">\r\n\r\n            <a href=\"#\" id=\"nm-wishlist-item-20607-button\" class=\"nm-wishlist-button nm-wishlist-item-20607-button\" data-product-id=\"20607\" title=\"Add to Wishlist\"><i class=\"nm-font nm-font-heart-o\"><\/i><\/a>\r\n\t\t\t\r\n\r\n            <div class=\"nm-shop-loop-title-price\">\r\n\r\n            <h4 class=\"griffe-produit\">Van Cleef &amp; Arpels<\/h4><h3 class=\"woocommerce-loop-product__title\"><a href=\"https:\/\/weprecious.com\/en\/boutique\/marques\/van-cleef-arpels\/frivole-van-cleef-arpels\/pendentif-frivole-petit-modele-van-cleef-arpels\/\" class=\"nm-shop-loop-title-link woocommerce-LoopProduct-link\">Pendentif Frivole Petit Mod\u00e8le Van Cleef &#038; Arpels<\/a><\/h3><div class=\"sstitre-produit\">Or Jaune, Diamant<\/div>\r\n\t<span class=\"price\"><span class=\"woocommerce-Price-amount amount\"><bdi>9\u00a0000&nbsp;<span class=\"woocommerce-Price-currencySymbol\">&euro;<\/span><\/bdi><\/span><\/span>\r\n\r\n            <\/div>\r\n\r\n\r\n\r\n            <div class=\"nm-shop-loop-actions\">\r\n\r\n            \r\n            <\/div>\r\n\r\n        <\/div>\r\n\r\n        \r\n\r\n        \r\n    <\/div>\r\n\r\n<\/li>\r\n\r\n\r\n<li class=\"product type-product post-20222 status-publish last instock product_cat-colliers-pendentifs product_cat-nouveaute product_cat-perlee-van-cleef-arpels product_cat-van-cleef-arpels product_tag-catalogue product_tag-exclusivite product_tag-nouveaute product_tag-pendentif has-post-thumbnail sold-individually purchasable product-type-simple\" data-product-id=\"20222\">\r\n\r\n\t<div class=\"nm-shop-loop-product-wrap\">\r\n\r\n        \r\n\r\n\r\n        <div class=\"nm-shop-loop-thumbnail\">\r\n\r\n            \r\n            \r\n\r\n            <a href=\"https:\/\/weprecious.com\/en\/boutique\/marques\/van-cleef-arpels\/perlee-van-cleef-arpels\/pendentif-perlee-trefles-van-cleef-arpels\/\" class=\"nm-shop-loop-thumbnail-link woocommerce-LoopProduct-link\">\r\n\r\n            <img loading=\"lazy\" decoding=\"async\" width=\"350\" height=\"350\" src=\"https:\/\/weprecious.com\/wp-content\/uploads\/2025\/07\/VCN0964-S-van-cleef-arpels-perlee-collier-or-jaune-diamant-dt-1-350x350.png\" class=\"attachment-woocommerce_thumbnail size-woocommerce_thumbnail\" alt=\"Pendentif Perl\u00e9e tr\u00e8fles Van Cleef &amp; Arpels d&#039;occasion : Bijou authentifi\u00e9\" srcset=\"https:\/\/weprecious.com\/wp-content\/uploads\/2025\/07\/VCN0964-S-van-cleef-arpels-perlee-collier-or-jaune-diamant-dt-1-350x350.png 350w, https:\/\/weprecious.com\/wp-content\/uploads\/2025\/07\/VCN0964-S-van-cleef-arpels-perlee-collier-or-jaune-diamant-dt-1-300x300.png 300w, https:\/\/weprecious.com\/wp-content\/uploads\/2025\/07\/VCN0964-S-van-cleef-arpels-perlee-collier-or-jaune-diamant-dt-1-1024x1024.png 1024w, https:\/\/weprecious.com\/wp-content\/uploads\/2025\/07\/VCN0964-S-van-cleef-arpels-perlee-collier-or-jaune-diamant-dt-1-150x150.png 150w, https:\/\/weprecious.com\/wp-content\/uploads\/2025\/07\/VCN0964-S-van-cleef-arpels-perlee-collier-or-jaune-diamant-dt-1-768x768.png 768w, https:\/\/weprecious.com\/wp-content\/uploads\/2025\/07\/VCN0964-S-van-cleef-arpels-perlee-collier-or-jaune-diamant-dt-1-12x12.png 12w, https:\/\/weprecious.com\/wp-content\/uploads\/2025\/07\/VCN0964-S-van-cleef-arpels-perlee-collier-or-jaune-diamant-dt-1-680x680.png 680w, https:\/\/weprecious.com\/wp-content\/uploads\/2025\/07\/VCN0964-S-van-cleef-arpels-perlee-collier-or-jaune-diamant-dt-1-100x100.png 100w, https:\/\/weprecious.com\/wp-content\/uploads\/2025\/07\/VCN0964-S-van-cleef-arpels-perlee-collier-or-jaune-diamant-dt-1.png 1080w\" sizes=\"auto, (max-width: 350px) 100vw, 350px\" \/><img loading=\"lazy\" decoding=\"async\" width=\"350\" height=\"350\" src=\"https:\/\/weprecious.com\/wp-content\/uploads\/2025\/07\/VCN0964-S-van-cleef-arpels-perlee-collier-or-jaune-diamant-pk-350x350.jpg\" class=\"attachment-woocommerce_thumbnail size-woocommerce_thumbnail nm-shop-hover-image\" alt=\"Pendentif Perl\u00e9e tr\u00e8fles Van Cleef &amp; Arpels d&#039;occasion : Bijou authentifi\u00e9\" srcset=\"https:\/\/weprecious.com\/wp-content\/uploads\/2025\/07\/VCN0964-S-van-cleef-arpels-perlee-collier-or-jaune-diamant-pk-350x350.jpg 350w, https:\/\/weprecious.com\/wp-content\/uploads\/2025\/07\/VCN0964-S-van-cleef-arpels-perlee-collier-or-jaune-diamant-pk-300x300.jpg 300w, https:\/\/weprecious.com\/wp-content\/uploads\/2025\/07\/VCN0964-S-van-cleef-arpels-perlee-collier-or-jaune-diamant-pk-1024x1024.jpg 1024w, https:\/\/weprecious.com\/wp-content\/uploads\/2025\/07\/VCN0964-S-van-cleef-arpels-perlee-collier-or-jaune-diamant-pk-150x150.jpg 150w, https:\/\/weprecious.com\/wp-content\/uploads\/2025\/07\/VCN0964-S-van-cleef-arpels-perlee-collier-or-jaune-diamant-pk-768x768.jpg 768w, https:\/\/weprecious.com\/wp-content\/uploads\/2025\/07\/VCN0964-S-van-cleef-arpels-perlee-collier-or-jaune-diamant-pk-12x12.jpg 12w, https:\/\/weprecious.com\/wp-content\/uploads\/2025\/07\/VCN0964-S-van-cleef-arpels-perlee-collier-or-jaune-diamant-pk-680x680.jpg 680w, https:\/\/weprecious.com\/wp-content\/uploads\/2025\/07\/VCN0964-S-van-cleef-arpels-perlee-collier-or-jaune-diamant-pk-100x100.jpg 100w, https:\/\/weprecious.com\/wp-content\/uploads\/2025\/07\/VCN0964-S-van-cleef-arpels-perlee-collier-or-jaune-diamant-pk.jpg 1080w\" sizes=\"auto, (max-width: 350px) 100vw, 350px\" \/>\r\n            <\/a>\r\n\r\n        <\/div>\r\n\r\n        \r\n\r\n        <div class=\"nm-shop-loop-details\">\r\n\r\n            <a href=\"#\" id=\"nm-wishlist-item-20222-button\" class=\"nm-wishlist-button nm-wishlist-item-20222-button\" data-product-id=\"20222\" title=\"Add to Wishlist\"><i class=\"nm-font nm-font-heart-o\"><\/i><\/a>\r\n\t\t\t\r\n\r\n            <div class=\"nm-shop-loop-title-price\">\r\n\r\n            <h4 class=\"griffe-produit\">Van Cleef &amp; Arpels<\/h4><h3 class=\"woocommerce-loop-product__title\"><a href=\"https:\/\/weprecious.com\/en\/boutique\/marques\/van-cleef-arpels\/perlee-van-cleef-arpels\/pendentif-perlee-trefles-van-cleef-arpels\/\" class=\"nm-shop-loop-title-link woocommerce-LoopProduct-link\">Pendentif Perl\u00e9e tr\u00e8fles Van Cleef &#038; Arpels<\/a><\/h3><div class=\"sstitre-produit\">Or Jaune, Diamant<\/div>\r\n\t<span class=\"price\"><span class=\"woocommerce-Price-amount amount\"><bdi>4\u00a0550&nbsp;<span class=\"woocommerce-Price-currencySymbol\">&euro;<\/span><\/bdi><\/span><\/span>\r\n\r\n            <\/div>\r\n\r\n\r\n\r\n            <div class=\"nm-shop-loop-actions\">\r\n\r\n            \r\n            <\/div>\r\n\r\n        <\/div>\r\n\r\n        \r\n\r\n        \r\n    <\/div>\r\n\r\n<\/li>\r\n\r\n<\/ul>\r\n<\/div>\t\t\t\t<\/div>\n\t\t\t\t<\/div>\n\t\t\t\t<div class=\"elementor-element elementor-element-b89f96b elementor-align-center elementor-widget elementor-widget-button\" data-id=\"b89f96b\" data-element_type=\"widget\" data-e-type=\"widget\" data-widget_type=\"button.default\">\n\t\t\t\t\t\t\t\t\t\t<a class=\"elementor-button elementor-button-link elementor-size-xs\" href=\"https:\/\/weprecious.com\/boutique\/\">\n\t\t\t\t\t\t<span class=\"elementor-button-content-wrapper\">\n\t\t\t\t\t\t\t\t\t<span class=\"elementor-button-text\">D\u00e9couvrir plus de bijoux<\/span>\n\t\t\t\t\t<\/span>\n\t\t\t\t\t<\/a>\n\t\t\t\t\t\t\t\t<\/div>\n\t\t\t\t\t<\/div>\n\t\t<\/div>\n\t\t\t\t\t<\/div>\n\t\t<\/section>\n\t\t\t\t<section class=\"elementor-section elementor-top-section elementor-element elementor-element-0b30bca elementor-section-boxed elementor-section-height-default elementor-section-height-default\" data-id=\"0b30bca\" data-element_type=\"section\" data-e-type=\"section\">\n\t\t\t\t\t\t<div class=\"elementor-container elementor-column-gap-default\">\n\t\t\t\t\t<div class=\"elementor-column elementor-col-100 elementor-top-column elementor-element elementor-element-49fc26c\" data-id=\"49fc26c\" data-element_type=\"column\" data-e-type=\"column\">\n\t\t\t<div class=\"elementor-widget-wrap elementor-element-populated\">\n\t\t\t\t\t\t<div class=\"elementor-element elementor-element-933245a elementor-widget elementor-widget-spacer\" data-id=\"933245a\" data-element_type=\"widget\" data-e-type=\"widget\" data-widget_type=\"spacer.default\">\n\t\t\t\t\t\t\t<div class=\"elementor-spacer\">\n\t\t\t<div class=\"elementor-spacer-inner\"><\/div>\n\t\t<\/div>\n\t\t\t\t\t\t<\/div>\n\t\t\t\t\t<\/div>\n\t\t<\/div>\n\t\t\t\t\t<\/div>\n\t\t<\/section>\n\t\t\t\t<section class=\"elementor-section elementor-top-section elementor-element elementor-element-9d0f2e5 elementor-section-boxed elementor-section-height-default elementor-section-height-default\" data-id=\"9d0f2e5\" data-element_type=\"section\" data-e-type=\"section\">\n\t\t\t\t\t\t<div class=\"elementor-container elementor-column-gap-default\">\n\t\t\t\t\t<div class=\"elementor-column elementor-col-50 elementor-top-column elementor-element elementor-element-e92222e\" data-id=\"e92222e\" data-element_type=\"column\" data-e-type=\"column\">\n\t\t\t<div class=\"elementor-widget-wrap elementor-element-populated\">\n\t\t\t\t\t\t<div class=\"elementor-element elementor-element-0ac550f elementor-widget elementor-widget-spacer\" data-id=\"0ac550f\" data-element_type=\"widget\" data-e-type=\"widget\" data-widget_type=\"spacer.default\">\n\t\t\t\t\t\t\t<div class=\"elementor-spacer\">\n\t\t\t<div class=\"elementor-spacer-inner\"><\/div>\n\t\t<\/div>\n\t\t\t\t\t\t<\/div>\n\t\t\t\t<div class=\"elementor-element elementor-element-03025fe elementor-widget elementor-widget-text-editor\" data-id=\"03025fe\" data-element_type=\"widget\" data-e-type=\"widget\" data-widget_type=\"text-editor.default\">\n\t\t\t\t\t\t\t\t\t<h2>Alhambra Van Cleef &amp; Arpels<\/h2><h2><span style=\"color: var( --e-global-color-text ); font-family: var( --e-global-typography-text-font-family ), Sans-serif; font-weight: var( --e-global-typography-text-font-weight ); font-size: 14px;\">Histoire d&rsquo;une ic\u00f4ne<\/span><\/h2>\t\t\t\t\t\t\t\t<\/div>\n\t\t\t\t<div class=\"elementor-element elementor-element-221e31b elementor-align-center elementor-widget elementor-widget-button\" data-id=\"221e31b\" data-element_type=\"widget\" data-e-type=\"widget\" data-widget_type=\"button.default\">\n\t\t\t\t\t\t\t\t\t\t<a class=\"elementor-button elementor-button-link elementor-size-xs\" href=\"https:\/\/weprecious.com\/alhambra-van-cleef-histoire\">\n\t\t\t\t\t\t<span class=\"elementor-button-content-wrapper\">\n\t\t\t\t\t\t\t\t\t<span class=\"elementor-button-text\">En savoir plus<\/span>\n\t\t\t\t\t<\/span>\n\t\t\t\t\t<\/a>\n\t\t\t\t\t\t\t\t<\/div>\n\t\t\t\t\t<\/div>\n\t\t<\/div>\n\t\t\t\t<div class=\"elementor-column elementor-col-50 elementor-top-column elementor-element elementor-element-4ccb333\" data-id=\"4ccb333\" data-element_type=\"column\" data-e-type=\"column\">\n\t\t\t<div class=\"elementor-widget-wrap elementor-element-populated\">\n\t\t\t\t\t\t<div class=\"elementor-element elementor-element-dffd996 elementor-widget elementor-widget-image\" data-id=\"dffd996\" data-element_type=\"widget\" data-e-type=\"widget\" data-widget_type=\"image.default\">\n\t\t\t\t\t\t\t\t\t\t\t\t\t\t\t\t<a href=\"https:\/\/weprecious.com\/alhambra-van-cleef-histoire\">\n\t\t\t\t\t\t\t<img loading=\"lazy\" decoding=\"async\" width=\"1024\" height=\"1024\" src=\"https:\/\/weprecious.com\/wp-content\/uploads\/2023\/07\/vca-alhambra-collier-or-jaune-nacre-amb-1024x1024.jpg\" class=\"attachment-large size-large wp-image-5728\" alt=\"Collier Vintage Alhambra 10 motifs d&#039;occasion authentifi\u00e9e - collier van cleef &amp; Arpels\" srcset=\"https:\/\/weprecious.com\/wp-content\/uploads\/2023\/07\/vca-alhambra-collier-or-jaune-nacre-amb-1024x1024.jpg 1024w, https:\/\/weprecious.com\/wp-content\/uploads\/2023\/07\/vca-alhambra-collier-or-jaune-nacre-amb-300x300.jpg 300w, https:\/\/weprecious.com\/wp-content\/uploads\/2023\/07\/vca-alhambra-collier-or-jaune-nacre-amb-150x150.jpg 150w, https:\/\/weprecious.com\/wp-content\/uploads\/2023\/07\/vca-alhambra-collier-or-jaune-nacre-amb-768x768.jpg 768w, https:\/\/weprecious.com\/wp-content\/uploads\/2023\/07\/vca-alhambra-collier-or-jaune-nacre-amb-1536x1536.jpg 1536w, https:\/\/weprecious.com\/wp-content\/uploads\/2023\/07\/vca-alhambra-collier-or-jaune-nacre-amb-350x350.jpg 350w, https:\/\/weprecious.com\/wp-content\/uploads\/2023\/07\/vca-alhambra-collier-or-jaune-nacre-amb-680x680.jpg 680w, https:\/\/weprecious.com\/wp-content\/uploads\/2023\/07\/vca-alhambra-collier-or-jaune-nacre-amb-100x100.jpg 100w, https:\/\/weprecious.com\/wp-content\/uploads\/2023\/07\/vca-alhambra-collier-or-jaune-nacre-amb.jpg 2000w\" sizes=\"auto, (max-width: 1024px) 100vw, 1024px\" \/>\t\t\t\t\t\t\t\t<\/a>\n\t\t\t\t\t\t\t\t\t\t\t\t\t\t\t<\/div>\n\t\t\t\t\t<\/div>\n\t\t<\/div>\n\t\t\t\t\t<\/div>\n\t\t<\/section>\n\t\t\t\t<section class=\"elementor-section elementor-top-section elementor-element elementor-element-7cf1580 elementor-section-boxed elementor-section-height-default elementor-section-height-default\" data-id=\"7cf1580\" data-element_type=\"section\" data-e-type=\"section\">\n\t\t\t\t\t\t<div class=\"elementor-container elementor-column-gap-default\">\n\t\t\t\t\t<div class=\"elementor-column elementor-col-50 elementor-top-column elementor-element elementor-element-658894e\" data-id=\"658894e\" data-element_type=\"column\" data-e-type=\"column\">\n\t\t\t<div class=\"elementor-widget-wrap elementor-element-populated\">\n\t\t\t\t\t\t<div class=\"elementor-element elementor-element-1f226f8 elementor-widget elementor-widget-image\" data-id=\"1f226f8\" data-element_type=\"widget\" data-e-type=\"widget\" data-widget_type=\"image.default\">\n\t\t\t\t\t\t\t\t\t\t\t\t\t\t\t\t<a href=\"https:\/\/weprecious.com\/van-cleef-arpels-histoire\/\">\n\t\t\t\t\t\t\t<img loading=\"lazy\" decoding=\"async\" width=\"1000\" height=\"1000\" src=\"https:\/\/weprecious.com\/wp-content\/uploads\/2024\/09\/VCA-collier-lucky-alhambra-papillon-oeil-de-tigre-amb.jpg\" class=\"attachment-large size-large wp-image-11715\" alt=\"Collier Lucky Alhambra Papillon Van Cleef &amp; Arpels d&#039;occasion : Bijou authentifi\u00e9\" srcset=\"https:\/\/weprecious.com\/wp-content\/uploads\/2024\/09\/VCA-collier-lucky-alhambra-papillon-oeil-de-tigre-amb.jpg 1000w, https:\/\/weprecious.com\/wp-content\/uploads\/2024\/09\/VCA-collier-lucky-alhambra-papillon-oeil-de-tigre-amb-300x300.jpg 300w, https:\/\/weprecious.com\/wp-content\/uploads\/2024\/09\/VCA-collier-lucky-alhambra-papillon-oeil-de-tigre-amb-150x150.jpg 150w, https:\/\/weprecious.com\/wp-content\/uploads\/2024\/09\/VCA-collier-lucky-alhambra-papillon-oeil-de-tigre-amb-768x768.jpg 768w, https:\/\/weprecious.com\/wp-content\/uploads\/2024\/09\/VCA-collier-lucky-alhambra-papillon-oeil-de-tigre-amb-350x350.jpg 350w, https:\/\/weprecious.com\/wp-content\/uploads\/2024\/09\/VCA-collier-lucky-alhambra-papillon-oeil-de-tigre-amb-680x680.jpg 680w, https:\/\/weprecious.com\/wp-content\/uploads\/2024\/09\/VCA-collier-lucky-alhambra-papillon-oeil-de-tigre-amb-100x100.jpg 100w\" sizes=\"auto, (max-width: 1000px) 100vw, 1000px\" \/>\t\t\t\t\t\t\t\t<\/a>\n\t\t\t\t\t\t\t\t\t\t\t\t\t\t\t<\/div>\n\t\t\t\t\t<\/div>\n\t\t<\/div>\n\t\t\t\t<div class=\"elementor-column elementor-col-50 elementor-top-column elementor-element elementor-element-58bd270\" data-id=\"58bd270\" data-element_type=\"column\" data-e-type=\"column\">\n\t\t\t<div class=\"elementor-widget-wrap elementor-element-populated\">\n\t\t\t\t\t\t<div class=\"elementor-element elementor-element-3a7e084 elementor-widget elementor-widget-spacer\" data-id=\"3a7e084\" data-element_type=\"widget\" data-e-type=\"widget\" data-widget_type=\"spacer.default\">\n\t\t\t\t\t\t\t<div class=\"elementor-spacer\">\n\t\t\t<div class=\"elementor-spacer-inner\"><\/div>\n\t\t<\/div>\n\t\t\t\t\t\t<\/div>\n\t\t\t\t<div class=\"elementor-element elementor-element-59128c0 elementor-widget elementor-widget-text-editor\" data-id=\"59128c0\" data-element_type=\"widget\" data-e-type=\"widget\" data-widget_type=\"text-editor.default\">\n\t\t\t\t\t\t\t\t\t<h2>Van Cleef &amp; Arpels<\/h2><h2><span style=\"color: var( --e-global-color-text ); font-family: var( --e-global-typography-text-font-family ), Sans-serif; font-weight: var( --e-global-typography-text-font-weight ); font-size: 14px;\">Un voyage \u00e0 travers l&rsquo;histoire de la joaillerie d&rsquo;\u00e9lite<\/span><\/h2>\t\t\t\t\t\t\t\t<\/div>\n\t\t\t\t<div class=\"elementor-element elementor-element-85c769c elementor-align-center elementor-widget elementor-widget-button\" data-id=\"85c769c\" data-element_type=\"widget\" data-e-type=\"widget\" data-widget_type=\"button.default\">\n\t\t\t\t\t\t\t\t\t\t<a class=\"elementor-button elementor-button-link elementor-size-xs\" href=\"https:\/\/weprecious.com\/van-cleef-arpels-histoire\/\">\n\t\t\t\t\t\t<span class=\"elementor-button-content-wrapper\">\n\t\t\t\t\t\t\t\t\t<span class=\"elementor-button-text\">En savoir plus<\/span>\n\t\t\t\t\t<\/span>\n\t\t\t\t\t<\/a>\n\t\t\t\t\t\t\t\t<\/div>\n\t\t\t\t\t<\/div>\n\t\t<\/div>\n\t\t\t\t\t<\/div>\n\t\t<\/section>\n\t\t\t\t<section class=\"elementor-section elementor-top-section elementor-element elementor-element-2ace6f0 elementor-section-boxed elementor-section-height-default elementor-section-height-default\" data-id=\"2ace6f0\" data-element_type=\"section\" data-e-type=\"section\">\n\t\t\t\t\t\t<div class=\"elementor-container elementor-column-gap-default\">\n\t\t\t\t\t<div class=\"elementor-column elementor-col-100 elementor-top-column elementor-element elementor-element-4306731\" data-id=\"4306731\" data-element_type=\"column\" data-e-type=\"column\">\n\t\t\t<div class=\"elementor-widget-wrap elementor-element-populated\">\n\t\t\t\t\t\t<div class=\"elementor-element elementor-element-0fb2c41 elementor-widget elementor-widget-spacer\" data-id=\"0fb2c41\" data-element_type=\"widget\" data-e-type=\"widget\" data-widget_type=\"spacer.default\">\n\t\t\t\t\t\t\t<div class=\"elementor-spacer\">\n\t\t\t<div class=\"elementor-spacer-inner\"><\/div>\n\t\t<\/div>\n\t\t\t\t\t\t<\/div>\n\t\t\t\t<div class=\"elementor-element elementor-element-4ebc402 elementor-widget elementor-widget-heading\" data-id=\"4ebc402\" data-element_type=\"widget\" data-e-type=\"widget\" data-widget_type=\"heading.default\">\n\t\t\t\t\t<h2 class=\"elementor-heading-title elementor-size-default\">FAQ<\/h2>\t\t\t\t<\/div>\n\t\t\t\t<div class=\"elementor-element elementor-element-25b902b elementor-widget elementor-widget-text-editor\" data-id=\"25b902b\" data-element_type=\"widget\" data-e-type=\"widget\" data-widget_type=\"text-editor.default\">\n\t\t\t\t\t\t\t\t\t<p>Vous trouverez ci-dessous les r\u00e9ponses \u00e0 vos questions les plus fr\u00e9quentes concernant les colliers Van Cleef &amp; Arpels d&rsquo;occasion. Si vous ne trouvez pas r\u00e9ponse \u00e0 vos questions, envoyez nous un email \u00e0 <a href=\"mailto:hello@weprecious.com\" target=\"_blank\" rel=\"noopener\">hello@weprecious.com<\/a>.<\/p>\t\t\t\t\t\t\t\t<\/div>\n\t\t\t\t<div class=\"elementor-element elementor-element-cb81fd0 elementor-widget elementor-widget-toggle\" data-id=\"cb81fd0\" data-element_type=\"widget\" data-e-type=\"widget\" data-widget_type=\"toggle.default\">\n\t\t\t\t\t\t\t<div class=\"elementor-toggle\">\n\t\t\t\t\t\t\t<div class=\"elementor-toggle-item\">\n\t\t\t\t\t<div id=\"elementor-tab-title-2131\" class=\"elementor-tab-title\" data-tab=\"1\" role=\"button\" aria-controls=\"elementor-tab-content-2131\" aria-expanded=\"false\">\n\t\t\t\t\t\t\t\t\t\t\t\t<span class=\"elementor-toggle-icon elementor-toggle-icon-right\" aria-hidden=\"true\">\n\t\t\t\t\t\t\t\t\t\t\t\t\t\t\t<span class=\"elementor-toggle-icon-closed\"><i class=\"fas fa-plus\"><\/i><\/span>\n\t\t\t\t\t\t\t\t<span class=\"elementor-toggle-icon-opened\"><i class=\"elementor-toggle-icon-opened fas fa-minus\"><\/i><\/span>\n\t\t\t\t\t\t\t\t\t\t\t\t\t<\/span>\n\t\t\t\t\t\t\t\t\t\t\t\t<a class=\"elementor-toggle-title\" tabindex=\"0\">+ Pourquoi acheter un collier Van Cleef & Arpels d'occasion chez weprecious ?<\/a>\n\t\t\t\t\t<\/div>\n\n\t\t\t\t\t<div id=\"elementor-tab-content-2131\" class=\"elementor-tab-content elementor-clearfix\" data-tab=\"1\" role=\"region\" aria-labelledby=\"elementor-tab-title-2131\"><p>Acheter <strong>un collier Van Cleef &amp; Arpels d&rsquo;occasion<\/strong> permet de poss\u00e9der une pi\u00e8ce de haute joaillerie \u00e0 un prix plus accessible. Cela permet \u00e9galement de trouver des mod\u00e8les rares, qui ne sont plus disponibles dans les collections actuelles. En optant pour des bijoux de seconde main, vous contribuez \u00e0 une d\u00e9marche plus durable, en valorisant des pi\u00e8ces d\u00e9j\u00e0 existantes.<\/p><\/div>\n\t\t\t\t<\/div>\n\t\t\t\t\t\t\t<div class=\"elementor-toggle-item\">\n\t\t\t\t\t<div id=\"elementor-tab-title-2132\" class=\"elementor-tab-title\" data-tab=\"2\" role=\"button\" aria-controls=\"elementor-tab-content-2132\" aria-expanded=\"false\">\n\t\t\t\t\t\t\t\t\t\t\t\t<span class=\"elementor-toggle-icon elementor-toggle-icon-right\" aria-hidden=\"true\">\n\t\t\t\t\t\t\t\t\t\t\t\t\t\t\t<span class=\"elementor-toggle-icon-closed\"><i class=\"fas fa-plus\"><\/i><\/span>\n\t\t\t\t\t\t\t\t<span class=\"elementor-toggle-icon-opened\"><i class=\"elementor-toggle-icon-opened fas fa-minus\"><\/i><\/span>\n\t\t\t\t\t\t\t\t\t\t\t\t\t<\/span>\n\t\t\t\t\t\t\t\t\t\t\t\t<a class=\"elementor-toggle-title\" tabindex=\"0\">+ Quels types de collier Van Cleef & Arpels d'occasion sont propos\u00e9s chez weprecious ?<\/a>\n\t\t\t\t\t<\/div>\n\n\t\t\t\t\t<div id=\"elementor-tab-content-2132\" class=\"elementor-tab-content elementor-clearfix\" data-tab=\"2\" role=\"region\" aria-labelledby=\"elementor-tab-title-2132\"><p>Nous proposons une large s\u00e9lection de<strong> colliers Van Cleef &amp; Arpels d&rsquo;occasion.<\/strong> Chaque bijou est authentique et soigneusement v\u00e9rifi\u00e9 pour garantir sa qualit\u00e9.\u00a0<\/p><\/div>\n\t\t\t\t<\/div>\n\t\t\t\t\t\t\t<div class=\"elementor-toggle-item\">\n\t\t\t\t\t<div id=\"elementor-tab-title-2133\" class=\"elementor-tab-title\" data-tab=\"3\" role=\"button\" aria-controls=\"elementor-tab-content-2133\" aria-expanded=\"false\">\n\t\t\t\t\t\t\t\t\t\t\t\t<span class=\"elementor-toggle-icon elementor-toggle-icon-right\" aria-hidden=\"true\">\n\t\t\t\t\t\t\t\t\t\t\t\t\t\t\t<span class=\"elementor-toggle-icon-closed\"><i class=\"fas fa-plus\"><\/i><\/span>\n\t\t\t\t\t\t\t\t<span class=\"elementor-toggle-icon-opened\"><i class=\"elementor-toggle-icon-opened fas fa-minus\"><\/i><\/span>\n\t\t\t\t\t\t\t\t\t\t\t\t\t<\/span>\n\t\t\t\t\t\t\t\t\t\t\t\t<a class=\"elementor-toggle-title\" tabindex=\"0\">+ Comment v\u00e9rifier l'authenticit\u00e9 d'un collier Van Cleef & Arpels d'occasion ?<\/a>\n\t\t\t\t\t<\/div>\n\n\t\t\t\t\t<div id=\"elementor-tab-content-2133\" class=\"elementor-tab-content elementor-clearfix\" data-tab=\"3\" role=\"region\" aria-labelledby=\"elementor-tab-title-2133\"><div class=\"elementor-toggle-item\"><div id=\"elementor-tab-content-2133\" class=\"elementor-tab-content elementor-clearfix elementor-active\" role=\"region\" data-tab=\"3\" aria-labelledby=\"elementor-tab-title-2133\"><p>Vous souhaitez acheter <strong>un collier Van Cleef &amp; Arpels \u00a0d\u2019occasion<\/strong>\u00a0et vous souhaitez en v\u00e9rifier l\u2019authenticit\u00e9 :<\/p><ul><li><strong>V\u00e9rifiez la documentation :<\/strong>\u00a0Assurez-vous que le bijou est accompagn\u00e9 de documents officiels et de l\u2019emballage original.<\/li><li><strong>Inspectez le num\u00e9ro de s\u00e9rie :<\/strong>\u00a0Cherchez le num\u00e9ro de s\u00e9rie unique grav\u00e9 sur le bijou et v\u00e9rifiez qu\u2019il correspond \u00e0 la documentation.\u00a0<\/li><li><strong>\u00c9valuez la qualit\u00e9 :<\/strong> Observez la finition et les d\u00e9tails du bijou ; les bijoux Van Cleef &amp; Arpels sont connus pour leur excellence en mati\u00e8re de fabrication.<\/li><\/ul><p>Evidemment, l\u2019authentification de vos bijoux par un expert n\u2019est pas \u00e0 n\u00e9gliger. Chez weprecious, toutes les cr\u00e9ations sont certifi\u00e9es et \u00e9valu\u00e9es par un expert partenaire.<\/p><\/div><\/div><\/div>\n\t\t\t\t<\/div>\n\t\t\t\t\t\t\t<div class=\"elementor-toggle-item\">\n\t\t\t\t\t<div id=\"elementor-tab-title-2134\" class=\"elementor-tab-title\" data-tab=\"4\" role=\"button\" aria-controls=\"elementor-tab-content-2134\" aria-expanded=\"false\">\n\t\t\t\t\t\t\t\t\t\t\t\t<span class=\"elementor-toggle-icon elementor-toggle-icon-right\" aria-hidden=\"true\">\n\t\t\t\t\t\t\t\t\t\t\t\t\t\t\t<span class=\"elementor-toggle-icon-closed\"><i class=\"fas fa-plus\"><\/i><\/span>\n\t\t\t\t\t\t\t\t<span class=\"elementor-toggle-icon-opened\"><i class=\"elementor-toggle-icon-opened fas fa-minus\"><\/i><\/span>\n\t\t\t\t\t\t\t\t\t\t\t\t\t<\/span>\n\t\t\t\t\t\t\t\t\t\t\t\t<a class=\"elementor-toggle-title\" tabindex=\"0\">+ Les colliers Van Cleef & Arpels d'occasion sont-ils authentifi\u00e9s par des experts ?<\/a>\n\t\t\t\t\t<\/div>\n\n\t\t\t\t\t<div id=\"elementor-tab-content-2134\" class=\"elementor-tab-content elementor-clearfix\" data-tab=\"4\" role=\"region\" aria-labelledby=\"elementor-tab-title-2134\"><p>Chaque collier Van Cleef &amp; Arpels vendu est minutieusement expertis\u00e9 et certifi\u00e9 par notre expert partenaire. Nous fournissons un certificat d&rsquo;expertise pour chaque pi\u00e8ce vendue. De plus, certains <strong>colliers Van Cleef &amp; Arpels d&rsquo;occasion<\/strong> sont accompagn\u00e9s des certificats et bo\u00eetes d&rsquo;origine de la marque, comme indiqu\u00e9 sur la fiche produit.<\/p><p>Si vous avez des questions ou des doutes concernant votre achat, notre service client est \u00e0 votre disposition pour vous assister. En cas de pr\u00e9occupations s\u00e9rieuses, nous nous engageons \u00e0 r\u00e9examiner le produit pour garantir son ad\u00e9quation avec celui que vous avez command\u00e9 sur weprecious.<\/p><\/div>\n\t\t\t\t<\/div>\n\t\t\t\t\t\t\t<div class=\"elementor-toggle-item\">\n\t\t\t\t\t<div id=\"elementor-tab-title-2135\" class=\"elementor-tab-title\" data-tab=\"5\" role=\"button\" aria-controls=\"elementor-tab-content-2135\" aria-expanded=\"false\">\n\t\t\t\t\t\t\t\t\t\t\t\t<span class=\"elementor-toggle-icon elementor-toggle-icon-right\" aria-hidden=\"true\">\n\t\t\t\t\t\t\t\t\t\t\t\t\t\t\t<span class=\"elementor-toggle-icon-closed\"><i class=\"fas fa-plus\"><\/i><\/span>\n\t\t\t\t\t\t\t\t<span class=\"elementor-toggle-icon-opened\"><i class=\"elementor-toggle-icon-opened fas fa-minus\"><\/i><\/span>\n\t\t\t\t\t\t\t\t\t\t\t\t\t<\/span>\n\t\t\t\t\t\t\t\t\t\t\t\t<a class=\"elementor-toggle-title\" tabindex=\"0\">+ Comment vendre mon collier Van Cleef & Arpels d'occasion avec weprecious ?<\/a>\n\t\t\t\t\t<\/div>\n\n\t\t\t\t\t<div id=\"elementor-tab-content-2135\" class=\"elementor-tab-content elementor-clearfix\" data-tab=\"5\" role=\"region\" aria-labelledby=\"elementor-tab-title-2135\"><p>Vous souhaitez vendre votre <strong>Collier Van Cleef &amp; Arpels<\/strong><strong>\u00a0d\u2019occasion<\/strong>\u00a0?\u00a0<\/p><p>Le processus est simple ; 2 possibilit\u00e9s s\u2019offrent \u00e0 vous.<\/p><ul><li><strong>Mise en D\u00e9p\u00f4t<\/strong>\u00a0: vous nous confiez votre bijou afin que nous effectuons la prise de vue professionnelle et la mise en ligne. Nous \u00e9tablissons un contrat et vous envoyons les informations pour l\u2019exp\u00e9dition assur\u00e9e et s\u00e9curis\u00e9e de votre bijou.<\/li><\/ul><ul><li><strong>Mise en Ligne directe<\/strong>\u00a0: nous mettons votre bijou en ligne sans d\u00e9p\u00f4t, avec les photos que vous nous fournissez. Si vous choisissez ce mode, nous vous demanderons de r\u00e9aliser des photos en suivant\u00a0<a href=\"https:\/\/weprecious.com\/photographiez-vos-bijoux\/\" target=\"_blank\" rel=\"noopener\">le guide du bon photographe<\/a>\u00a0et de nous fournir toutes informations pour r\u00e9aliser la mise en ligne et la pr\u00e9-expertise. Ce n\u2019est que lorsque votre bijou sera vendu que nous organisons l\u2019exp\u00e9dition.<\/li><\/ul><p>Remplissez\u00a0<a href=\"https:\/\/weprecious.com\/vendre-un-bijou\/\" target=\"_blank\" rel=\"noopener\">le formulaire ci-dessous.\u00a0<\/a>Une confirmation ou proposition de prix et de mise en vente sous 48h (jours ouvr\u00e9s).\u00a0Votre bijou est ensuite mis en ligne et vous recevez le paiement lorsqu\u2019il est vendu<b>.\u00a0<\/b>Rejoignez notre cercle de vendeurs et b\u00e9n\u00e9ficiez d\u2019un service 5 \u00e9toiles avec la meilleure commission du march\u00e9.<\/p><p>Vos bijoux sont entre de bonnes mains !<\/p><\/div>\n\t\t\t\t<\/div>\n\t\t\t\t\t\t\t<div class=\"elementor-toggle-item\">\n\t\t\t\t\t<div id=\"elementor-tab-title-2136\" class=\"elementor-tab-title\" data-tab=\"6\" role=\"button\" aria-controls=\"elementor-tab-content-2136\" aria-expanded=\"false\">\n\t\t\t\t\t\t\t\t\t\t\t\t<span class=\"elementor-toggle-icon elementor-toggle-icon-right\" aria-hidden=\"true\">\n\t\t\t\t\t\t\t\t\t\t\t\t\t\t\t<span class=\"elementor-toggle-icon-closed\"><i class=\"fas fa-plus\"><\/i><\/span>\n\t\t\t\t\t\t\t\t<span class=\"elementor-toggle-icon-opened\"><i class=\"elementor-toggle-icon-opened fas fa-minus\"><\/i><\/span>\n\t\t\t\t\t\t\t\t\t\t\t\t\t<\/span>\n\t\t\t\t\t\t\t\t\t\t\t\t<a class=\"elementor-toggle-title\" tabindex=\"0\">+ Comment fixer le bon prix pour mon collier Van Cleef & Arpels d'occasion?<\/a>\n\t\t\t\t\t<\/div>\n\n\t\t\t\t\t<div id=\"elementor-tab-content-2136\" class=\"elementor-tab-content elementor-clearfix\" data-tab=\"6\" role=\"region\" aria-labelledby=\"elementor-tab-title-2136\"><p>Nous vous aidons \u00e0 d\u00e9terminer le prix optimal pour <strong>votre collier Van Cleef &amp; Arpels d&rsquo;occasion<\/strong> : notre bar\u00e8me de prix assure une valeur \u00e9quitable tant pour le vendeur que pour l\u2019acheteur, refl\u00e9tant le prix actuel sur le march\u00e9. Ce bar\u00e8me consid\u00e8re plusieurs facteurs, dont le prix d&rsquo;origine du bijou, l&rsquo;ann\u00e9e d\u2019acquisition, son \u00e9tat, ainsi que la pr\u00e9sence de certificats et bo\u00eetes originaux. Nous prenons \u00e9galement en compte des aspects plus subjectifs tels que la demande et la raret\u00e9 de la pi\u00e8ce, que ce soit sur le march\u00e9 du neuf ou de l&rsquo;occasion.<\/p><p>Pour maximiser la valeur de revente de votre collier Van Cleef &amp; Arpels d&rsquo;occasion, nous offrons des services de nettoyage, d\u2019entretien et de polissage l\u00e9ger pour raviver leur \u00e9clat et renforcer leur attrait sur le march\u00e9 de la bijouterie de luxe.<\/p><\/div>\n\t\t\t\t<\/div>\n\t\t\t\t\t\t\t<div class=\"elementor-toggle-item\">\n\t\t\t\t\t<div id=\"elementor-tab-title-2137\" class=\"elementor-tab-title\" data-tab=\"7\" role=\"button\" aria-controls=\"elementor-tab-content-2137\" aria-expanded=\"false\">\n\t\t\t\t\t\t\t\t\t\t\t\t<span class=\"elementor-toggle-icon elementor-toggle-icon-right\" aria-hidden=\"true\">\n\t\t\t\t\t\t\t\t\t\t\t\t\t\t\t<span class=\"elementor-toggle-icon-closed\"><i class=\"fas fa-plus\"><\/i><\/span>\n\t\t\t\t\t\t\t\t<span class=\"elementor-toggle-icon-opened\"><i class=\"elementor-toggle-icon-opened fas fa-minus\"><\/i><\/span>\n\t\t\t\t\t\t\t\t\t\t\t\t\t<\/span>\n\t\t\t\t\t\t\t\t\t\t\t\t<a class=\"elementor-toggle-title\" tabindex=\"0\">+  Comment entretenir mon collier Van Cleef & Arpels d'occasion ?<\/a>\n\t\t\t\t\t<\/div>\n\n\t\t\t\t\t<div id=\"elementor-tab-content-2137\" class=\"elementor-tab-content elementor-clearfix\" data-tab=\"7\" role=\"region\" aria-labelledby=\"elementor-tab-title-2137\"><p>Pour pr\u00e9server la qualit\u00e9 de <strong>votre collier Van Cleef &amp; Arpels d&rsquo;occasion<\/strong>, nettoyez-le d\u00e9licatement avec un chiffon doux et sec. \u00c9vitez de l&rsquo;exposer \u00e0 des produits chimiques comme les parfums et les nettoyants, et conservez-le dans un lieu sec s\u00e9par\u00e9ment de vos autres bijoux pour \u00e9viter les rayures. Un contr\u00f4le et un polissage professionnels annuels sont recommand\u00e9s pour maintenir la beaut\u00e9 et la durabilit\u00e9 de vos colliers Van Cleef &amp; Arpels d&rsquo;occasion.<\/p><p>Pour plus d&rsquo;infos, d\u00e9couvrez notre <a href=\"https:\/\/weprecious.com\/prendre-soin-de-ses-bijoux-8-trucs-et-astuces-pour-entretien-de-vos-bijoux-en-or-et-en-argent\/\" target=\"_blank\" rel=\"noopener\">guide d&rsquo;entretien<\/a>.<\/p><\/div>\n\t\t\t\t<\/div>\n\t\t\t\t\t\t\t\t\t\t<script type=\"application\/ld+json\">{\"@context\":\"https:\\\/\\\/schema.org\",\"@type\":\"FAQPage\",\"mainEntity\":[{\"@type\":\"Question\",\"name\":\"+ Pourquoi acheter un collier Van Cleef & Arpels d'occasion chez weprecious ?\",\"acceptedAnswer\":{\"@type\":\"Answer\",\"text\":\"<p>Acheter <strong>un collier Van Cleef &amp; Arpels d&rsquo;occasion<\\\/strong> permet de poss\\u00e9der une pi\\u00e8ce de haute joaillerie \\u00e0 un prix plus accessible. Cela permet \\u00e9galement de trouver des mod\\u00e8les rares, qui ne sont plus disponibles dans les collections actuelles. En optant pour des bijoux de seconde main, vous contribuez \\u00e0 une d\\u00e9marche plus durable, en valorisant des pi\\u00e8ces d\\u00e9j\\u00e0 existantes.<\\\/p>\"}},{\"@type\":\"Question\",\"name\":\"+ Quels types de collier Van Cleef & Arpels d'occasion sont propos\\u00e9s chez weprecious ?\",\"acceptedAnswer\":{\"@type\":\"Answer\",\"text\":\"<p>Nous proposons une large s\\u00e9lection de<strong> colliers Van Cleef &amp; Arpels d&rsquo;occasion.<\\\/strong> Chaque bijou est authentique et soigneusement v\\u00e9rifi\\u00e9 pour garantir sa qualit\\u00e9.\\u00a0<\\\/p>\"}},{\"@type\":\"Question\",\"name\":\"+ Comment v\\u00e9rifier l'authenticit\\u00e9 d'un collier Van Cleef & Arpels d'occasion ?\",\"acceptedAnswer\":{\"@type\":\"Answer\",\"text\":\"<div class=\\\"elementor-toggle-item\\\"><div id=\\\"elementor-tab-content-2133\\\" class=\\\"elementor-tab-content elementor-clearfix elementor-active\\\" role=\\\"region\\\" data-tab=\\\"3\\\" aria-labelledby=\\\"elementor-tab-title-2133\\\"><p>Vous souhaitez acheter <strong>un collier Van Cleef &amp; Arpels \\u00a0d\\u2019occasion<\\\/strong>\\u00a0et vous souhaitez en v\\u00e9rifier l\\u2019authenticit\\u00e9 :<\\\/p><ul><li><strong>V\\u00e9rifiez la documentation :<\\\/strong>\\u00a0Assurez-vous que le bijou est accompagn\\u00e9 de documents officiels et de l\\u2019emballage original.<\\\/li><li><strong>Inspectez le num\\u00e9ro de s\\u00e9rie :<\\\/strong>\\u00a0Cherchez le num\\u00e9ro de s\\u00e9rie unique grav\\u00e9 sur le bijou et v\\u00e9rifiez qu\\u2019il correspond \\u00e0 la documentation.\\u00a0<\\\/li><li><strong>\\u00c9valuez la qualit\\u00e9 :<\\\/strong> Observez la finition et les d\\u00e9tails du bijou ; les bijoux Van Cleef &amp; Arpels sont connus pour leur excellence en mati\\u00e8re de fabrication.<\\\/li><\\\/ul><p>Evidemment, l\\u2019authentification de vos bijoux par un expert n\\u2019est pas \\u00e0 n\\u00e9gliger. Chez weprecious, toutes les cr\\u00e9ations sont certifi\\u00e9es et \\u00e9valu\\u00e9es par un expert partenaire.<\\\/p><\\\/div><\\\/div>\"}},{\"@type\":\"Question\",\"name\":\"+ Les colliers Van Cleef & Arpels d'occasion sont-ils authentifi\\u00e9s par des experts ?\",\"acceptedAnswer\":{\"@type\":\"Answer\",\"text\":\"<p>Chaque collier Van Cleef &amp; Arpels vendu est minutieusement expertis\\u00e9 et certifi\\u00e9 par notre expert partenaire. Nous fournissons un certificat d&rsquo;expertise pour chaque pi\\u00e8ce vendue. De plus, certains <strong>colliers Van Cleef &amp; Arpels d&rsquo;occasion<\\\/strong> sont accompagn\\u00e9s des certificats et bo\\u00eetes d&rsquo;origine de la marque, comme indiqu\\u00e9 sur la fiche produit.<\\\/p><p>Si vous avez des questions ou des doutes concernant votre achat, notre service client est \\u00e0 votre disposition pour vous assister. En cas de pr\\u00e9occupations s\\u00e9rieuses, nous nous engageons \\u00e0 r\\u00e9examiner le produit pour garantir son ad\\u00e9quation avec celui que vous avez command\\u00e9 sur weprecious.<\\\/p>\"}},{\"@type\":\"Question\",\"name\":\"+ Comment vendre mon collier Van Cleef & Arpels d'occasion avec weprecious ?\",\"acceptedAnswer\":{\"@type\":\"Answer\",\"text\":\"<p>Vous souhaitez vendre votre <strong>Collier Van Cleef &amp; Arpels<\\\/strong><strong>\\u00a0d\\u2019occasion<\\\/strong>\\u00a0?\\u00a0<\\\/p><p>Le processus est simple ; 2 possibilit\\u00e9s s\\u2019offrent \\u00e0 vous.<\\\/p><ul><li><strong>Mise en D\\u00e9p\\u00f4t<\\\/strong>\\u00a0: vous nous confiez votre bijou afin que nous effectuons la prise de vue professionnelle et la mise en ligne. Nous \\u00e9tablissons un contrat et vous envoyons les informations pour l\\u2019exp\\u00e9dition assur\\u00e9e et s\\u00e9curis\\u00e9e de votre bijou.<\\\/li><\\\/ul><ul><li><strong>Mise en Ligne directe<\\\/strong>\\u00a0: nous mettons votre bijou en ligne sans d\\u00e9p\\u00f4t, avec les photos que vous nous fournissez. Si vous choisissez ce mode, nous vous demanderons de r\\u00e9aliser des photos en suivant\\u00a0<a href=\\\"https:\\\/\\\/weprecious.com\\\/photographiez-vos-bijoux\\\/\\\" target=\\\"_blank\\\" rel=\\\"noopener\\\">le guide du bon photographe<\\\/a>\\u00a0et de nous fournir toutes informations pour r\\u00e9aliser la mise en ligne et la pr\\u00e9-expertise. Ce n\\u2019est que lorsque votre bijou sera vendu que nous organisons l\\u2019exp\\u00e9dition.<\\\/li><\\\/ul><p>Remplissez\\u00a0<a href=\\\"https:\\\/\\\/weprecious.com\\\/vendre-un-bijou\\\/\\\" target=\\\"_blank\\\" rel=\\\"noopener\\\">le formulaire ci-dessous.\\u00a0<\\\/a>Une confirmation ou proposition de prix et de mise en vente sous 48h (jours ouvr\\u00e9s).\\u00a0Votre bijou est ensuite mis en ligne et vous recevez le paiement lorsqu\\u2019il est vendu<b>.\\u00a0<\\\/b>Rejoignez notre cercle de vendeurs et b\\u00e9n\\u00e9ficiez d\\u2019un service 5 \\u00e9toiles avec la meilleure commission du march\\u00e9.<\\\/p><p>Vos bijoux sont entre de bonnes mains !<\\\/p>\"}},{\"@type\":\"Question\",\"name\":\"+ Comment fixer le bon prix pour mon collier Van Cleef & Arpels d'occasion?\",\"acceptedAnswer\":{\"@type\":\"Answer\",\"text\":\"<p>Nous vous aidons \\u00e0 d\\u00e9terminer le prix optimal pour <strong>votre collier Van Cleef &amp; Arpels d&rsquo;occasion<\\\/strong> : notre bar\\u00e8me de prix assure une valeur \\u00e9quitable tant pour le vendeur que pour l\\u2019acheteur, refl\\u00e9tant le prix actuel sur le march\\u00e9. Ce bar\\u00e8me consid\\u00e8re plusieurs facteurs, dont le prix d&rsquo;origine du bijou, l&rsquo;ann\\u00e9e d\\u2019acquisition, son \\u00e9tat, ainsi que la pr\\u00e9sence de certificats et bo\\u00eetes originaux. Nous prenons \\u00e9galement en compte des aspects plus subjectifs tels que la demande et la raret\\u00e9 de la pi\\u00e8ce, que ce soit sur le march\\u00e9 du neuf ou de l&rsquo;occasion.<\\\/p><p>Pour maximiser la valeur de revente de votre collier Van Cleef &amp; Arpels d&rsquo;occasion, nous offrons des services de nettoyage, d\\u2019entretien et de polissage l\\u00e9ger pour raviver leur \\u00e9clat et renforcer leur attrait sur le march\\u00e9 de la bijouterie de luxe.<\\\/p>\"}},{\"@type\":\"Question\",\"name\":\"+  Comment entretenir mon collier Van Cleef & Arpels d'occasion ?\",\"acceptedAnswer\":{\"@type\":\"Answer\",\"text\":\"<p>Pour pr\\u00e9server la qualit\\u00e9 de <strong>votre collier Van Cleef &amp; Arpels d&rsquo;occasion<\\\/strong>, nettoyez-le d\\u00e9licatement avec un chiffon doux et sec. \\u00c9vitez de l&rsquo;exposer \\u00e0 des produits chimiques comme les parfums et les nettoyants, et conservez-le dans un lieu sec s\\u00e9par\\u00e9ment de vos autres bijoux pour \\u00e9viter les rayures. Un contr\\u00f4le et un polissage professionnels annuels sont recommand\\u00e9s pour maintenir la beaut\\u00e9 et la durabilit\\u00e9 de vos colliers Van Cleef &amp; Arpels d&rsquo;occasion.<\\\/p><p>Pour plus d&rsquo;infos, d\\u00e9couvrez notre <a href=\\\"https:\\\/\\\/weprecious.com\\\/prendre-soin-de-ses-bijoux-8-trucs-et-astuces-pour-entretien-de-vos-bijoux-en-or-et-en-argent\\\/\\\" target=\\\"_blank\\\" rel=\\\"noopener\\\">guide d&rsquo;entretien<\\\/a>.<\\\/p>\"}}]}<\/script>\n\t\t\t\t\t<\/div>\n\t\t\t\t\t\t<\/div>\n\t\t\t\t\t<\/div>\n\t\t<\/div>\n\t\t\t\t\t<\/div>\n\t\t<\/section>\n\t\t\t\t<\/div>\n\t\t","protected":false},"excerpt":{"rendered":"<p>collier van cleef occasion femme collier van cleef d&rsquo;occasion Colliers Van Cleef &amp; Arpels Explorez notre s\u00e9lection de colliers Van Cleef &amp; Arpels et apprenez-en plus sur les collections iconiques de la maison. Chaque collier Van Cleef &amp; Arpels est authentifi\u00e9 et en excellent \u00e9tat, garantissant un investissement de qualit\u00e9. collier van cleef papillon occasion &hellip;<\/p>","protected":false},"author":123,"featured_media":5728,"parent":0,"menu_order":0,"comment_status":"closed","ping_status":"closed","template":"","meta":{"_acf_changed":false,"_angie_page":false,"_joinchat":[],"footnotes":""},"class_list":["post-13656","page","type-page","status-publish","has-post-thumbnail","hentry"],"acf":[],"_links":{"self":[{"href":"https:\/\/weprecious.com\/en\/wp-json\/wp\/v2\/pages\/13656","targetHints":{"allow":["GET"]}}],"collection":[{"href":"https:\/\/weprecious.com\/en\/wp-json\/wp\/v2\/pages"}],"about":[{"href":"https:\/\/weprecious.com\/en\/wp-json\/wp\/v2\/types\/page"}],"author":[{"embeddable":true,"href":"https:\/\/weprecious.com\/en\/wp-json\/wp\/v2\/users\/123"}],"replies":[{"embeddable":true,"href":"https:\/\/weprecious.com\/en\/wp-json\/wp\/v2\/comments?post=13656"}],"version-history":[{"count":0,"href":"https:\/\/weprecious.com\/en\/wp-json\/wp\/v2\/pages\/13656\/revisions"}],"wp:featuredmedia":[{"embeddable":true,"href":"https:\/\/weprecious.com\/en\/wp-json\/wp\/v2\/media\/5728"}],"wp:attachment":[{"href":"https:\/\/weprecious.com\/en\/wp-json\/wp\/v2\/media?parent=13656"}],"curies":[{"name":"wp","href":"https:\/\/api.w.org\/{rel}","templated":true}]}}